{"id":10672,"date":"2022-08-18T15:42:15","date_gmt":"2022-08-18T13:42:15","guid":{"rendered":"https:\/\/spaceeconomycongress.org\/?page_id=10672"},"modified":"2026-04-22T13:03:12","modified_gmt":"2026-04-22T11:03:12","slug":"programa","status":"publish","type":"page","link":"https:\/\/spaceeconomycongress.org\/es\/programa\/","title":{"rendered":"Programa"},"content":{"rendered":"[vc_row el_class=\u00bbbox-program\u00bb][vc_column width=\u00bb2\/3&#8243;][vc_column_text]\n<h2><strong>9 de julio<\/strong> del 2026<\/h2>\n[\/vc_column_text][vc_column_text]\n<p class=\"pseparador\">TECH MORNING<\/p>\n[\/vc_column_text]<div class=\"vcex-module vcex-toggle vcex-toggle--active\" data-animate=\"true\" data-duration=\"300\"><div class=\"vcex-toggle__heading\"><a href=\"#vcex_69f1ceb302a6d\" class=\"vcex-toggle__trigger wpex-flex wpex-items-center wpex-transition-colors wpex-duration-200\" style=\"color:#2b2b2b;\" aria-expanded=\"true\" aria-controls=\"vcex_69f1ceb302a6d\"><div class=\"vcex-toggle__icon wpex-mr-10\" aria-hidden=\"true\" style=\"color:#ffa100;\"><div class=\"vcex-toggle__icon-open wpex-flex wpex-flex-col wpex-items-center\"><svg xmlns=\"http:\/\/www.w3.org\/2000\/svg\" height=\"1.5em\" viewBox=\"0 0 24 24\" width=\"1.5em\" fill=\"currentColor\" class=\"vcex-toggle__icon-open\"><path d=\"M0 0h24v24H0V0z\" fill=\"none\"\/><path d=\"M19 13h-6v6h-2v-6H5v-2h6V5h2v6h6v2z\"\/><\/svg><\/div><div class=\"vcex-toggle__icon-close wpex-flex wpex-flex-col wpex-items-center\"><svg xmlns=\"http:\/\/www.w3.org\/2000\/svg\" height=\"1.5em\" viewBox=\"0 0 24 24\" width=\"1.5em\" fill=\"currentColor\" class=\"vcex-toggle__icon-close\"><path d=\"M0 0h24v24H0V0z\" fill=\"none\"\/><path d=\"M19 13H5v-2h14v2z\"\/><\/svg><\/div><\/div><div class=\"vcex-toggle__title\"><strong>09.15h<\/strong> - Bienvenida<\/div><\/a><\/div><div id=\"vcex_69f1ceb302a6d\" class=\"vcex-toggle__content wpex-last-mb-0 wpex-my-10 wpex-clr\"><ul>\n<li><b>TBD<\/b><\/li>\n<\/ul>\n<\/div><\/div><div class=\"vcex-module vcex-toggle\" data-animate=\"true\" data-duration=\"300\"><div class=\"vcex-toggle__heading\"><a href=\"#vcex_69f1ceb302cc8\" class=\"vcex-toggle__trigger wpex-flex wpex-items-center wpex-transition-colors wpex-duration-200\" style=\"color:#2b2b2b;\" aria-expanded=\"false\" aria-controls=\"vcex_69f1ceb302cc8\"><div class=\"vcex-toggle__icon wpex-mr-10\" aria-hidden=\"true\" style=\"color:#ffa100;\"><div class=\"vcex-toggle__icon-open wpex-flex wpex-flex-col wpex-items-center\"><svg xmlns=\"http:\/\/www.w3.org\/2000\/svg\" height=\"1.5em\" viewBox=\"0 0 24 24\" width=\"1.5em\" fill=\"currentColor\" class=\"vcex-toggle__icon-open\"><path d=\"M0 0h24v24H0V0z\" fill=\"none\"\/><path d=\"M19 13h-6v6h-2v-6H5v-2h6V5h2v6h6v2z\"\/><\/svg><\/div><div class=\"vcex-toggle__icon-close wpex-flex wpex-flex-col wpex-items-center\"><svg xmlns=\"http:\/\/www.w3.org\/2000\/svg\" height=\"1.5em\" viewBox=\"0 0 24 24\" width=\"1.5em\" fill=\"currentColor\" class=\"vcex-toggle__icon-close\"><path d=\"M0 0h24v24H0V0z\" fill=\"none\"\/><path d=\"M19 13H5v-2h14v2z\"\/><\/svg><\/div><\/div><div class=\"vcex-toggle__title\"><strong>09.30h<\/strong> - Bienvenida Institucional<\/div><\/a><\/div><div id=\"vcex_69f1ceb302cc8\" class=\"vcex-toggle__content wpex-last-mb-0 wpex-my-10 wpex-clr\"><ul>\n<li><strong>Josep Santacreu, <\/strong>Presidente de la C\u00e1mara de Comercio de Barcelona<\/li>\n<li><strong>Vincenzo Colla<\/strong><strong>,<\/strong>\u00a0Vicepresidente de la Regi\u00f3n de Emilia-Romagna<\/li>\n<li><strong>Miquel S\u00e0mper,\u00a0\u00a0<\/strong>Minister of Business and Labour in the Government of Catalonia<\/li>\n<\/ul>\n<\/div><\/div><div class=\"vcex-module vcex-toggle\" data-animate=\"true\" data-duration=\"300\"><div class=\"vcex-toggle__heading\"><a href=\"#vcex_69f1ceb302e7b\" class=\"vcex-toggle__trigger wpex-flex wpex-items-center wpex-transition-colors wpex-duration-200\" style=\"color:#2b2b2b;\" aria-expanded=\"false\" aria-controls=\"vcex_69f1ceb302e7b\"><div class=\"vcex-toggle__icon wpex-mr-10\" aria-hidden=\"true\" style=\"color:#ffa100;\"><div class=\"vcex-toggle__icon-open wpex-flex wpex-flex-col wpex-items-center\"><svg xmlns=\"http:\/\/www.w3.org\/2000\/svg\" height=\"1.5em\" viewBox=\"0 0 24 24\" width=\"1.5em\" fill=\"currentColor\" class=\"vcex-toggle__icon-open\"><path d=\"M0 0h24v24H0V0z\" fill=\"none\"\/><path d=\"M19 13h-6v6h-2v-6H5v-2h6V5h2v6h6v2z\"\/><\/svg><\/div><div class=\"vcex-toggle__icon-close wpex-flex wpex-flex-col wpex-items-center\"><svg xmlns=\"http:\/\/www.w3.org\/2000\/svg\" height=\"1.5em\" viewBox=\"0 0 24 24\" width=\"1.5em\" fill=\"currentColor\" class=\"vcex-toggle__icon-close\"><path d=\"M0 0h24v24H0V0z\" fill=\"none\"\/><path d=\"M19 13H5v-2h14v2z\"\/><\/svg><\/div><\/div><div class=\"vcex-toggle__title\"><strong>10.00h<\/strong> - Los Datos como Infraestructura: Proteger los Activos Orbitales de Europa<\/div><\/a><\/div><div id=\"vcex_69f1ceb302e7b\" class=\"vcex-toggle__content wpex-last-mb-0 wpex-my-10 wpex-clr\"><ul>\n<li><b>Rodrigo Da Costa, <\/b>Director Ejecutivo de la Agencia de la Uni\u00f3n Europea para el Programa Espacial<\/li>\n<\/ul>\n<\/div><\/div><div class=\"vcex-module vcex-toggle\" data-animate=\"true\" data-duration=\"300\"><div class=\"vcex-toggle__heading\"><a href=\"#vcex_69f1ceb302fd3\" class=\"vcex-toggle__trigger wpex-flex wpex-items-center wpex-transition-colors wpex-duration-200\" style=\"color:#2b2b2b;\" aria-expanded=\"false\" aria-controls=\"vcex_69f1ceb302fd3\"><div class=\"vcex-toggle__icon wpex-mr-10\" aria-hidden=\"true\" style=\"color:#ffa100;\"><div class=\"vcex-toggle__icon-open wpex-flex wpex-flex-col wpex-items-center\"><svg xmlns=\"http:\/\/www.w3.org\/2000\/svg\" height=\"1.5em\" viewBox=\"0 0 24 24\" width=\"1.5em\" fill=\"currentColor\" class=\"vcex-toggle__icon-open\"><path d=\"M0 0h24v24H0V0z\" fill=\"none\"\/><path d=\"M19 13h-6v6h-2v-6H5v-2h6V5h2v6h6v2z\"\/><\/svg><\/div><div class=\"vcex-toggle__icon-close wpex-flex wpex-flex-col wpex-items-center\"><svg xmlns=\"http:\/\/www.w3.org\/2000\/svg\" height=\"1.5em\" viewBox=\"0 0 24 24\" width=\"1.5em\" fill=\"currentColor\" class=\"vcex-toggle__icon-close\"><path d=\"M0 0h24v24H0V0z\" fill=\"none\"\/><path d=\"M19 13H5v-2h14v2z\"\/><\/svg><\/div><\/div><div class=\"vcex-toggle__title\"><strong>10.30h<\/strong> - Soberan\u00eda y Estrategia: La Autonom\u00eda Espacial Europea en Acci\u00f3n<\/div><\/a><\/div><div id=\"vcex_69f1ceb302fd3\" class=\"vcex-toggle__content wpex-last-mb-0 wpex-my-10 wpex-clr\"><ul>\n<li><b>Juan Carlos Cort\u00e9s,\u00a0<\/b>Director de la Agencia Espacial Espa\u00f1ola<\/li>\n<\/ul>\n<\/div><\/div><div class=\"vcex-module vcex-toggle\" data-animate=\"true\" data-duration=\"300\"><div class=\"vcex-toggle__heading\"><a href=\"#vcex_69f1ceb303125\" class=\"vcex-toggle__trigger wpex-flex wpex-items-center wpex-transition-colors wpex-duration-200\" style=\"color:#2b2b2b;\" aria-expanded=\"false\" aria-controls=\"vcex_69f1ceb303125\"><div class=\"vcex-toggle__icon wpex-mr-10\" aria-hidden=\"true\" style=\"color:#ffa100;\"><div class=\"vcex-toggle__icon-open wpex-flex wpex-flex-col wpex-items-center\"><svg xmlns=\"http:\/\/www.w3.org\/2000\/svg\" height=\"1.5em\" viewBox=\"0 0 24 24\" width=\"1.5em\" fill=\"currentColor\" class=\"vcex-toggle__icon-open\"><path d=\"M0 0h24v24H0V0z\" fill=\"none\"\/><path d=\"M19 13h-6v6h-2v-6H5v-2h6V5h2v6h6v2z\"\/><\/svg><\/div><div class=\"vcex-toggle__icon-close wpex-flex wpex-flex-col wpex-items-center\"><svg xmlns=\"http:\/\/www.w3.org\/2000\/svg\" height=\"1.5em\" viewBox=\"0 0 24 24\" width=\"1.5em\" fill=\"currentColor\" class=\"vcex-toggle__icon-close\"><path d=\"M0 0h24v24H0V0z\" fill=\"none\"\/><path d=\"M19 13H5v-2h14v2z\"\/><\/svg><\/div><\/div><div class=\"vcex-toggle__title\"><strong>11.00h<\/strong> - Caf\u00e9 Networking &amp; Visita a Expositores<\/div><\/a><\/div><div id=\"vcex_69f1ceb303125\" class=\"vcex-toggle__content wpex-last-mb-0 wpex-my-10 wpex-clr\"><p><em>Break<\/em><\/p>\n<\/div><\/div><div class=\"vcex-module vcex-toggle\" data-animate=\"true\" data-duration=\"300\"><div class=\"vcex-toggle__heading\"><a href=\"#vcex_69f1ceb303271\" class=\"vcex-toggle__trigger wpex-flex wpex-items-center wpex-transition-colors wpex-duration-200\" style=\"color:#2b2b2b;\" aria-expanded=\"false\" aria-controls=\"vcex_69f1ceb303271\"><div class=\"vcex-toggle__icon wpex-mr-10\" aria-hidden=\"true\" style=\"color:#ffa100;\"><div class=\"vcex-toggle__icon-open wpex-flex wpex-flex-col wpex-items-center\"><svg xmlns=\"http:\/\/www.w3.org\/2000\/svg\" height=\"1.5em\" viewBox=\"0 0 24 24\" width=\"1.5em\" fill=\"currentColor\" class=\"vcex-toggle__icon-open\"><path d=\"M0 0h24v24H0V0z\" fill=\"none\"\/><path d=\"M19 13h-6v6h-2v-6H5v-2h6V5h2v6h6v2z\"\/><\/svg><\/div><div class=\"vcex-toggle__icon-close wpex-flex wpex-flex-col wpex-items-center\"><svg xmlns=\"http:\/\/www.w3.org\/2000\/svg\" height=\"1.5em\" viewBox=\"0 0 24 24\" width=\"1.5em\" fill=\"currentColor\" class=\"vcex-toggle__icon-close\"><path d=\"M0 0h24v24H0V0z\" fill=\"none\"\/><path d=\"M19 13H5v-2h14v2z\"\/><\/svg><\/div><\/div><div class=\"vcex-toggle__title\"><strong>11.30h<\/strong> - IA en la Observaci\u00f3n de la Tierra: Poder, L\u00edmites y Responsabilidad<\/div><\/a><\/div><div id=\"vcex_69f1ceb303271\" class=\"vcex-toggle__content wpex-last-mb-0 wpex-my-10 wpex-clr\"><ul>\n<li><b>TBD<\/b><\/li>\n<\/ul>\n<\/div><\/div><div class=\"vcex-module vcex-toggle\" data-animate=\"true\" data-duration=\"300\"><div class=\"vcex-toggle__heading\"><a href=\"#vcex_69f1ceb3033bb\" class=\"vcex-toggle__trigger wpex-flex wpex-items-center wpex-transition-colors wpex-duration-200\" style=\"color:#2b2b2b;\" aria-expanded=\"false\" aria-controls=\"vcex_69f1ceb3033bb\"><div class=\"vcex-toggle__icon wpex-mr-10\" aria-hidden=\"true\" style=\"color:#ffa100;\"><div class=\"vcex-toggle__icon-open wpex-flex wpex-flex-col wpex-items-center\"><svg xmlns=\"http:\/\/www.w3.org\/2000\/svg\" height=\"1.5em\" viewBox=\"0 0 24 24\" width=\"1.5em\" fill=\"currentColor\" class=\"vcex-toggle__icon-open\"><path d=\"M0 0h24v24H0V0z\" fill=\"none\"\/><path d=\"M19 13h-6v6h-2v-6H5v-2h6V5h2v6h6v2z\"\/><\/svg><\/div><div class=\"vcex-toggle__icon-close wpex-flex wpex-flex-col wpex-items-center\"><svg xmlns=\"http:\/\/www.w3.org\/2000\/svg\" height=\"1.5em\" viewBox=\"0 0 24 24\" width=\"1.5em\" fill=\"currentColor\" class=\"vcex-toggle__icon-close\"><path d=\"M0 0h24v24H0V0z\" fill=\"none\"\/><path d=\"M19 13H5v-2h14v2z\"\/><\/svg><\/div><\/div><h4 class=\"vcex-toggle__title\"><strong>12.00h<\/strong> - Por qu\u00e9 es Importante el Midstream: C\u00f3mo Aprovechar el Valor de la Observaci\u00f3n de la Tierra<\/h4><\/a><\/div><div id=\"vcex_69f1ceb3033bb\" class=\"vcex-toggle__content wpex-last-mb-0 wpex-my-10 wpex-clr\"><ul>\n<li><b>TBD<\/b><\/li>\n<\/ul>\n<\/div><\/div><div class=\"vcex-module vcex-toggle\" data-animate=\"true\" data-duration=\"300\"><div class=\"vcex-toggle__heading\"><a href=\"#vcex_69f1ceb3034fc\" class=\"vcex-toggle__trigger wpex-flex wpex-items-center wpex-transition-colors wpex-duration-200\" style=\"color:#2b2b2b;\" aria-expanded=\"false\" aria-controls=\"vcex_69f1ceb3034fc\"><div class=\"vcex-toggle__icon wpex-mr-10\" aria-hidden=\"true\" style=\"color:#ffa100;\"><div class=\"vcex-toggle__icon-open wpex-flex wpex-flex-col wpex-items-center\"><svg xmlns=\"http:\/\/www.w3.org\/2000\/svg\" height=\"1.5em\" viewBox=\"0 0 24 24\" width=\"1.5em\" fill=\"currentColor\" class=\"vcex-toggle__icon-open\"><path d=\"M0 0h24v24H0V0z\" fill=\"none\"\/><path d=\"M19 13h-6v6h-2v-6H5v-2h6V5h2v6h6v2z\"\/><\/svg><\/div><div class=\"vcex-toggle__icon-close wpex-flex wpex-flex-col wpex-items-center\"><svg xmlns=\"http:\/\/www.w3.org\/2000\/svg\" height=\"1.5em\" viewBox=\"0 0 24 24\" width=\"1.5em\" fill=\"currentColor\" class=\"vcex-toggle__icon-close\"><path d=\"M0 0h24v24H0V0z\" fill=\"none\"\/><path d=\"M19 13H5v-2h14v2z\"\/><\/svg><\/div><\/div><div class=\"vcex-toggle__title\"><strong>12.15h<\/strong> - Escalando la Conectividad Global: Retos y Oportunidades en la Era de las NTN<\/div><\/a><\/div><div id=\"vcex_69f1ceb3034fc\" class=\"vcex-toggle__content wpex-last-mb-0 wpex-my-10 wpex-clr\"><ul>\n<li><b>TBD, <\/b>Sateliot<\/li>\n<li><strong>TBD, <\/strong>Open Cosmos<\/li>\n<li><strong>Remo Ricci, <\/strong>Cofundador y CEO en Celeste Technologies<\/li>\n<li><strong>Jon Guinea, <\/strong>Public Policy Manager en Amazon<\/li>\n<li><em>Moderado por: <strong>Cl\u00e0udia Mateo,<\/strong> Responsable de Negocio de Innovaci\u00f3n Espacial en i2CAT<\/em><\/li>\n<\/ul>\n<\/div><\/div><div class=\"vcex-module vcex-toggle\" data-animate=\"true\" data-duration=\"300\"><div class=\"vcex-toggle__heading\"><a href=\"#vcex_69f1ceb3036ba\" class=\"vcex-toggle__trigger wpex-flex wpex-items-center wpex-transition-colors wpex-duration-200\" style=\"color:#2b2b2b;\" aria-expanded=\"false\" aria-controls=\"vcex_69f1ceb3036ba\"><div class=\"vcex-toggle__icon wpex-mr-10\" aria-hidden=\"true\" style=\"color:#ffa100;\"><div class=\"vcex-toggle__icon-open wpex-flex wpex-flex-col wpex-items-center\"><svg xmlns=\"http:\/\/www.w3.org\/2000\/svg\" height=\"1.5em\" viewBox=\"0 0 24 24\" width=\"1.5em\" fill=\"currentColor\" class=\"vcex-toggle__icon-open\"><path d=\"M0 0h24v24H0V0z\" fill=\"none\"\/><path d=\"M19 13h-6v6h-2v-6H5v-2h6V5h2v6h6v2z\"\/><\/svg><\/div><div class=\"vcex-toggle__icon-close wpex-flex wpex-flex-col wpex-items-center\"><svg xmlns=\"http:\/\/www.w3.org\/2000\/svg\" height=\"1.5em\" viewBox=\"0 0 24 24\" width=\"1.5em\" fill=\"currentColor\" class=\"vcex-toggle__icon-close\"><path d=\"M0 0h24v24H0V0z\" fill=\"none\"\/><path d=\"M19 13H5v-2h14v2z\"\/><\/svg><\/div><\/div><div class=\"vcex-toggle__title\"><strong>13.00h<\/strong> - Cierre: Tech Morning<\/div><\/a><\/div><div id=\"vcex_69f1ceb3036ba\" class=\"vcex-toggle__content wpex-last-mb-0 wpex-my-10 wpex-clr\"><p><em>Cierre<\/em><\/p>\n<\/div><\/div><div class=\"vcex-module vcex-toggle\" data-animate=\"true\" data-duration=\"300\"><div class=\"vcex-toggle__heading\"><a href=\"#vcex_69f1ceb3037f5\" class=\"vcex-toggle__trigger wpex-flex wpex-items-center wpex-transition-colors wpex-duration-200\" style=\"color:#2b2b2b;\" aria-expanded=\"false\" aria-controls=\"vcex_69f1ceb3037f5\"><div class=\"vcex-toggle__icon wpex-mr-10\" aria-hidden=\"true\" style=\"color:#ffa100;\"><div class=\"vcex-toggle__icon-open wpex-flex wpex-flex-col wpex-items-center\"><svg xmlns=\"http:\/\/www.w3.org\/2000\/svg\" height=\"1.5em\" viewBox=\"0 0 24 24\" width=\"1.5em\" fill=\"currentColor\" class=\"vcex-toggle__icon-open\"><path d=\"M0 0h24v24H0V0z\" fill=\"none\"\/><path d=\"M19 13h-6v6h-2v-6H5v-2h6V5h2v6h6v2z\"\/><\/svg><\/div><div class=\"vcex-toggle__icon-close wpex-flex wpex-flex-col wpex-items-center\"><svg xmlns=\"http:\/\/www.w3.org\/2000\/svg\" height=\"1.5em\" viewBox=\"0 0 24 24\" width=\"1.5em\" fill=\"currentColor\" class=\"vcex-toggle__icon-close\"><path d=\"M0 0h24v24H0V0z\" fill=\"none\"\/><path d=\"M19 13H5v-2h14v2z\"\/><\/svg><\/div><\/div><div class=\"vcex-toggle__title\"><strong>13.00h<\/strong> - Comida (con invitaci\u00f3)<\/div><\/a><\/div><div id=\"vcex_69f1ceb3037f5\" class=\"vcex-toggle__content wpex-last-mb-0 wpex-my-10 wpex-clr\"><p>Break<\/p>\n<\/div><\/div>[vc_column_text]\n<p class=\"pseparador\">BUSINESS AFTERNOON<\/p>\n[\/vc_column_text]<div class=\"vcex-module vcex-toggle\" data-animate=\"true\" data-duration=\"300\"><div class=\"vcex-toggle__heading\"><a href=\"#vcex_69f1ceb303913\" class=\"vcex-toggle__trigger wpex-flex wpex-items-center wpex-transition-colors wpex-duration-200\" style=\"color:#2b2b2b;\" aria-expanded=\"false\" aria-controls=\"vcex_69f1ceb303913\"><div class=\"vcex-toggle__icon wpex-mr-10\" aria-hidden=\"true\" style=\"color:#ffa100;\"><div class=\"vcex-toggle__icon-open wpex-flex wpex-flex-col wpex-items-center\"><svg xmlns=\"http:\/\/www.w3.org\/2000\/svg\" height=\"1.5em\" viewBox=\"0 0 24 24\" width=\"1.5em\" fill=\"currentColor\" class=\"vcex-toggle__icon-open\"><path d=\"M0 0h24v24H0V0z\" fill=\"none\"\/><path d=\"M19 13h-6v6h-2v-6H5v-2h6V5h2v6h6v2z\"\/><\/svg><\/div><div class=\"vcex-toggle__icon-close wpex-flex wpex-flex-col wpex-items-center\"><svg xmlns=\"http:\/\/www.w3.org\/2000\/svg\" height=\"1.5em\" viewBox=\"0 0 24 24\" width=\"1.5em\" fill=\"currentColor\" class=\"vcex-toggle__icon-close\"><path d=\"M0 0h24v24H0V0z\" fill=\"none\"\/><path d=\"M19 13H5v-2h14v2z\"\/><\/svg><\/div><\/div><div class=\"vcex-toggle__title\"><strong>15.00h<\/strong> - Agencias Sincronizadas: Alineando Capacidades en Torno a Objetivos Compartidos<\/div><\/a><\/div><div id=\"vcex_69f1ceb303913\" class=\"vcex-toggle__content wpex-last-mb-0 wpex-my-10 wpex-clr\"><ul>\n<li><b>Cecilia Hern\u00e1ndez, <\/b>Directora de Programas e Industria en la Agencia Espacial Espa\u00f1ola<\/li>\n<li><strong>Joan Alabart Llin\u00e0s,\u00a0<\/strong>Responsable de Innovaci\u00f3n, Emprendimiento y Exploraci\u00f3n Espacial de la Agencia Espacial Portuguesa<\/li>\n<li><strong>Lauren Taylor,<\/strong> Programa Nacional de Innovaci\u00f3n Espacial &#8211; Responsable de Proyectos Principales de la Agencia Espacial del Reino Unido<\/li>\n<li><strong>TBD<\/strong><\/li>\n<li><em>Moderado per: <strong>Xingyi Ang<\/strong>, Jefa de Econom\u00eda Espacial en la Oficina de Asuntos del Espacio Exterior de la ONU<\/em><\/li>\n<\/ul>\n<\/div><\/div>[vc_column_text]\n<p class=\"pseparador2\"><b>SIDE EVENTS &#8211; WORKSHOPS<\/b><\/p>\n[\/vc_column_text]<div class=\"vcex-module vcex-toggle\" data-animate=\"true\" data-duration=\"300\"><div class=\"vcex-toggle__heading\"><a href=\"#vcex_69f1ceb303ad4\" class=\"vcex-toggle__trigger wpex-flex wpex-items-center wpex-transition-colors wpex-duration-200\" style=\"color:#2b2b2b;\" aria-expanded=\"false\" aria-controls=\"vcex_69f1ceb303ad4\"><div class=\"vcex-toggle__icon wpex-mr-10\" aria-hidden=\"true\" style=\"color:#ffa100;\"><div class=\"vcex-toggle__icon-open wpex-flex wpex-flex-col wpex-items-center\"><svg xmlns=\"http:\/\/www.w3.org\/2000\/svg\" height=\"1.5em\" viewBox=\"0 0 24 24\" width=\"1.5em\" fill=\"currentColor\" class=\"vcex-toggle__icon-open\"><path d=\"M0 0h24v24H0V0z\" fill=\"none\"\/><path d=\"M19 13h-6v6h-2v-6H5v-2h6V5h2v6h6v2z\"\/><\/svg><\/div><div class=\"vcex-toggle__icon-close wpex-flex wpex-flex-col wpex-items-center\"><svg xmlns=\"http:\/\/www.w3.org\/2000\/svg\" height=\"1.5em\" viewBox=\"0 0 24 24\" width=\"1.5em\" fill=\"currentColor\" class=\"vcex-toggle__icon-close\"><path d=\"M0 0h24v24H0V0z\" fill=\"none\"\/><path d=\"M19 13H5v-2h14v2z\"\/><\/svg><\/div><\/div><div class=\"vcex-toggle__title\"><strong>15.30h - 17.30h<\/strong> - SPACE WORKSHOPS 1 (Sal\u00f3n de Nept\u00fa - Planta Baja)<\/div><\/a><\/div><div id=\"vcex_69f1ceb303ad4\" class=\"vcex-toggle__content wpex-last-mb-0 wpex-my-10 wpex-clr\"><ul>\n<li><b>TBD<\/b><\/li>\n<\/ul>\n<\/div><\/div><div class=\"vcex-module vcex-toggle\" data-animate=\"true\" data-duration=\"300\"><div class=\"vcex-toggle__heading\"><a href=\"#vcex_69f1ceb303c2c\" class=\"vcex-toggle__trigger wpex-flex wpex-items-center wpex-transition-colors wpex-duration-200\" style=\"color:#2b2b2b;\" aria-expanded=\"false\" aria-controls=\"vcex_69f1ceb303c2c\"><div class=\"vcex-toggle__icon wpex-mr-10\" aria-hidden=\"true\" style=\"color:#ffa100;\"><div class=\"vcex-toggle__icon-open wpex-flex wpex-flex-col wpex-items-center\"><svg xmlns=\"http:\/\/www.w3.org\/2000\/svg\" height=\"1.5em\" viewBox=\"0 0 24 24\" width=\"1.5em\" fill=\"currentColor\" class=\"vcex-toggle__icon-open\"><path d=\"M0 0h24v24H0V0z\" fill=\"none\"\/><path d=\"M19 13h-6v6h-2v-6H5v-2h6V5h2v6h6v2z\"\/><\/svg><\/div><div class=\"vcex-toggle__icon-close wpex-flex wpex-flex-col wpex-items-center\"><svg xmlns=\"http:\/\/www.w3.org\/2000\/svg\" height=\"1.5em\" viewBox=\"0 0 24 24\" width=\"1.5em\" fill=\"currentColor\" class=\"vcex-toggle__icon-close\"><path d=\"M0 0h24v24H0V0z\" fill=\"none\"\/><path d=\"M19 13H5v-2h14v2z\"\/><\/svg><\/div><\/div><div class=\"vcex-toggle__title\"><strong>15.30h - 17.30h<\/strong> - SPACE WORKSHOPS 2 (Sal\u00f3n de Plens - 1er Piso)<\/div><\/a><\/div><div id=\"vcex_69f1ceb303c2c\" class=\"vcex-toggle__content wpex-last-mb-0 wpex-my-10 wpex-clr\"><ul>\n<li><strong>Luca del Monte<\/strong>, Cap del Departament de Comercialitzaci\u00f3 de la ESA<\/li>\n<\/ul>\n<\/div><\/div>[vc_column_text]\n<p class=\"pseparador2\"><b>MAIN STAGE &#8211; ORBIT x CHALLENGES: The Business Arena\u00a0<\/b><\/p>\n[\/vc_column_text]<div class=\"vcex-module vcex-toggle\" data-animate=\"true\" data-duration=\"300\"><div class=\"vcex-toggle__heading\"><a href=\"#vcex_69f1ceb303d79\" class=\"vcex-toggle__trigger wpex-flex wpex-items-center wpex-transition-colors wpex-duration-200\" style=\"color:#2b2b2b;\" aria-expanded=\"false\" aria-controls=\"vcex_69f1ceb303d79\"><div class=\"vcex-toggle__icon wpex-mr-10\" aria-hidden=\"true\" style=\"color:#ffa100;\"><div class=\"vcex-toggle__icon-open wpex-flex wpex-flex-col wpex-items-center\"><svg xmlns=\"http:\/\/www.w3.org\/2000\/svg\" height=\"1.5em\" viewBox=\"0 0 24 24\" width=\"1.5em\" fill=\"currentColor\" class=\"vcex-toggle__icon-open\"><path d=\"M0 0h24v24H0V0z\" fill=\"none\"\/><path d=\"M19 13h-6v6h-2v-6H5v-2h6V5h2v6h6v2z\"\/><\/svg><\/div><div class=\"vcex-toggle__icon-close wpex-flex wpex-flex-col wpex-items-center\"><svg xmlns=\"http:\/\/www.w3.org\/2000\/svg\" height=\"1.5em\" viewBox=\"0 0 24 24\" width=\"1.5em\" fill=\"currentColor\" class=\"vcex-toggle__icon-close\"><path d=\"M0 0h24v24H0V0z\" fill=\"none\"\/><path d=\"M19 13H5v-2h14v2z\"\/><\/svg><\/div><\/div><div class=\"vcex-toggle__title\"><strong>15.45h - 16.15h<\/strong> - CHALLENGE #1: Soberan\u00eda tecnol\u00f3gica y capacidades espaciales estrat\u00e9gicas<\/div><\/a><\/div><div id=\"vcex_69f1ceb303d79\" class=\"vcex-toggle__content wpex-last-mb-0 wpex-my-10 wpex-clr\"><ul>\n<li><b>TBD<\/b><\/li>\n<\/ul>\n<\/div><\/div><div class=\"vcex-module vcex-toggle\" data-animate=\"true\" data-duration=\"300\"><div class=\"vcex-toggle__heading\"><a href=\"#vcex_69f1ceb303eba\" class=\"vcex-toggle__trigger wpex-flex wpex-items-center wpex-transition-colors wpex-duration-200\" style=\"color:#2b2b2b;\" aria-expanded=\"false\" aria-controls=\"vcex_69f1ceb303eba\"><div class=\"vcex-toggle__icon wpex-mr-10\" aria-hidden=\"true\" style=\"color:#ffa100;\"><div class=\"vcex-toggle__icon-open wpex-flex wpex-flex-col wpex-items-center\"><svg xmlns=\"http:\/\/www.w3.org\/2000\/svg\" height=\"1.5em\" viewBox=\"0 0 24 24\" width=\"1.5em\" fill=\"currentColor\" class=\"vcex-toggle__icon-open\"><path d=\"M0 0h24v24H0V0z\" fill=\"none\"\/><path d=\"M19 13h-6v6h-2v-6H5v-2h6V5h2v6h6v2z\"\/><\/svg><\/div><div class=\"vcex-toggle__icon-close wpex-flex wpex-flex-col wpex-items-center\"><svg xmlns=\"http:\/\/www.w3.org\/2000\/svg\" height=\"1.5em\" viewBox=\"0 0 24 24\" width=\"1.5em\" fill=\"currentColor\" class=\"vcex-toggle__icon-close\"><path d=\"M0 0h24v24H0V0z\" fill=\"none\"\/><path d=\"M19 13H5v-2h14v2z\"\/><\/svg><\/div><\/div><div class=\"vcex-toggle__title\"><strong>16.15h - 16.45h<\/strong> - CHALLENGE #2: Conectividad satelital y 5G desde el espacio<\/div><\/a><\/div><div id=\"vcex_69f1ceb303eba\" class=\"vcex-toggle__content wpex-last-mb-0 wpex-my-10 wpex-clr\"><ul>\n<li><b>TBD<\/b><\/li>\n<\/ul>\n<\/div><\/div><div class=\"vcex-module vcex-toggle\" data-animate=\"true\" data-duration=\"300\"><div class=\"vcex-toggle__heading\"><a href=\"#vcex_69f1ceb303ffe\" class=\"vcex-toggle__trigger wpex-flex wpex-items-center wpex-transition-colors wpex-duration-200\" style=\"color:#2b2b2b;\" aria-expanded=\"false\" aria-controls=\"vcex_69f1ceb303ffe\"><div class=\"vcex-toggle__icon wpex-mr-10\" aria-hidden=\"true\" style=\"color:#ffa100;\"><div class=\"vcex-toggle__icon-open wpex-flex wpex-flex-col wpex-items-center\"><svg xmlns=\"http:\/\/www.w3.org\/2000\/svg\" height=\"1.5em\" viewBox=\"0 0 24 24\" width=\"1.5em\" fill=\"currentColor\" class=\"vcex-toggle__icon-open\"><path d=\"M0 0h24v24H0V0z\" fill=\"none\"\/><path d=\"M19 13h-6v6h-2v-6H5v-2h6V5h2v6h6v2z\"\/><\/svg><\/div><div class=\"vcex-toggle__icon-close wpex-flex wpex-flex-col wpex-items-center\"><svg xmlns=\"http:\/\/www.w3.org\/2000\/svg\" height=\"1.5em\" viewBox=\"0 0 24 24\" width=\"1.5em\" fill=\"currentColor\" class=\"vcex-toggle__icon-close\"><path d=\"M0 0h24v24H0V0z\" fill=\"none\"\/><path d=\"M19 13H5v-2h14v2z\"\/><\/svg><\/div><\/div><div class=\"vcex-toggle__title\"><strong>16.45h - 17.15h<\/strong> - CHALLENGE #3: Nuevas plataformas de fabricaci\u00f3n espacial y sat\u00e9lites<\/div><\/a><\/div><div id=\"vcex_69f1ceb303ffe\" class=\"vcex-toggle__content wpex-last-mb-0 wpex-my-10 wpex-clr\"><ul>\n<li><b>TBD<\/b><\/li>\n<\/ul>\n<\/div><\/div><div class=\"vcex-module vcex-toggle\" data-animate=\"true\" data-duration=\"300\"><div class=\"vcex-toggle__heading\"><a href=\"#vcex_69f1ceb30413e\" class=\"vcex-toggle__trigger wpex-flex wpex-items-center wpex-transition-colors wpex-duration-200\" style=\"color:#2b2b2b;\" aria-expanded=\"false\" aria-controls=\"vcex_69f1ceb30413e\"><div class=\"vcex-toggle__icon wpex-mr-10\" aria-hidden=\"true\" style=\"color:#ffa100;\"><div class=\"vcex-toggle__icon-open wpex-flex wpex-flex-col wpex-items-center\"><svg xmlns=\"http:\/\/www.w3.org\/2000\/svg\" height=\"1.5em\" viewBox=\"0 0 24 24\" width=\"1.5em\" fill=\"currentColor\" class=\"vcex-toggle__icon-open\"><path d=\"M0 0h24v24H0V0z\" fill=\"none\"\/><path d=\"M19 13h-6v6h-2v-6H5v-2h6V5h2v6h6v2z\"\/><\/svg><\/div><div class=\"vcex-toggle__icon-close wpex-flex wpex-flex-col wpex-items-center\"><svg xmlns=\"http:\/\/www.w3.org\/2000\/svg\" height=\"1.5em\" viewBox=\"0 0 24 24\" width=\"1.5em\" fill=\"currentColor\" class=\"vcex-toggle__icon-close\"><path d=\"M0 0h24v24H0V0z\" fill=\"none\"\/><path d=\"M19 13H5v-2h14v2z\"\/><\/svg><\/div><\/div><div class=\"vcex-toggle__title\"><strong>17.15h - 17.45h<\/strong> - CHALLENGE #4: Lanzamiento y propulsi\u00f3n<\/div><\/a><\/div><div id=\"vcex_69f1ceb30413e\" class=\"vcex-toggle__content wpex-last-mb-0 wpex-my-10 wpex-clr\"><ul>\n<li><b>TBD<\/b><\/li>\n<\/ul>\n<\/div><\/div><div class=\"vcex-module vcex-toggle\" data-animate=\"true\" data-duration=\"300\"><div class=\"vcex-toggle__heading\"><a href=\"#vcex_69f1ceb30427a\" class=\"vcex-toggle__trigger wpex-flex wpex-items-center wpex-transition-colors wpex-duration-200\" style=\"color:#2b2b2b;\" aria-expanded=\"false\" aria-controls=\"vcex_69f1ceb30427a\"><div class=\"vcex-toggle__icon wpex-mr-10\" aria-hidden=\"true\" style=\"color:#ffa100;\"><div class=\"vcex-toggle__icon-open wpex-flex wpex-flex-col wpex-items-center\"><svg xmlns=\"http:\/\/www.w3.org\/2000\/svg\" height=\"1.5em\" viewBox=\"0 0 24 24\" width=\"1.5em\" fill=\"currentColor\" class=\"vcex-toggle__icon-open\"><path d=\"M0 0h24v24H0V0z\" fill=\"none\"\/><path d=\"M19 13h-6v6h-2v-6H5v-2h6V5h2v6h6v2z\"\/><\/svg><\/div><div class=\"vcex-toggle__icon-close wpex-flex wpex-flex-col wpex-items-center\"><svg xmlns=\"http:\/\/www.w3.org\/2000\/svg\" height=\"1.5em\" viewBox=\"0 0 24 24\" width=\"1.5em\" fill=\"currentColor\" class=\"vcex-toggle__icon-close\"><path d=\"M0 0h24v24H0V0z\" fill=\"none\"\/><path d=\"M19 13H5v-2h14v2z\"\/><\/svg><\/div><\/div><div class=\"vcex-toggle__title\"><strong>17.45h - 18.15h<\/strong> - CHALLENGE #5: Observaci\u00f3n de la Tierra, IA y explotaci\u00f3n de datos<\/div><\/a><\/div><div id=\"vcex_69f1ceb30427a\" class=\"vcex-toggle__content wpex-last-mb-0 wpex-my-10 wpex-clr\"><ul>\n<li><b>TBD<\/b><\/li>\n<\/ul>\n<\/div><\/div><div class=\"vcex-module vcex-toggle\" data-animate=\"true\" data-duration=\"300\"><div class=\"vcex-toggle__heading\"><a href=\"#vcex_69f1ceb3043b4\" class=\"vcex-toggle__trigger wpex-flex wpex-items-center wpex-transition-colors wpex-duration-200\" style=\"color:#2b2b2b;\" aria-expanded=\"false\" aria-controls=\"vcex_69f1ceb3043b4\"><div class=\"vcex-toggle__icon wpex-mr-10\" aria-hidden=\"true\" style=\"color:#ffa100;\"><div class=\"vcex-toggle__icon-open wpex-flex wpex-flex-col wpex-items-center\"><svg xmlns=\"http:\/\/www.w3.org\/2000\/svg\" height=\"1.5em\" viewBox=\"0 0 24 24\" width=\"1.5em\" fill=\"currentColor\" class=\"vcex-toggle__icon-open\"><path d=\"M0 0h24v24H0V0z\" fill=\"none\"\/><path d=\"M19 13h-6v6h-2v-6H5v-2h6V5h2v6h6v2z\"\/><\/svg><\/div><div class=\"vcex-toggle__icon-close wpex-flex wpex-flex-col wpex-items-center\"><svg xmlns=\"http:\/\/www.w3.org\/2000\/svg\" height=\"1.5em\" viewBox=\"0 0 24 24\" width=\"1.5em\" fill=\"currentColor\" class=\"vcex-toggle__icon-close\"><path d=\"M0 0h24v24H0V0z\" fill=\"none\"\/><path d=\"M19 13H5v-2h14v2z\"\/><\/svg><\/div><\/div><div class=\"vcex-toggle__title\"><strong>18.45h - 18.45h<\/strong> - CHALLENGE #6: Ingenier\u00eda espacial, pruebas y dise\u00f1o digital<\/div><\/a><\/div><div id=\"vcex_69f1ceb3043b4\" class=\"vcex-toggle__content wpex-last-mb-0 wpex-my-10 wpex-clr\"><ul>\n<li><b>TBD<\/b><\/li>\n<\/ul>\n<\/div><\/div>[vc_column_text]\n<p class=\"pseparador2\"><b>CIERRE<\/b><\/p>\n[\/vc_column_text]<div class=\"vcex-module vcex-toggle\" data-animate=\"true\" data-duration=\"300\"><div class=\"vcex-toggle__heading\"><a href=\"#vcex_69f1ceb304533\" class=\"vcex-toggle__trigger wpex-flex wpex-items-center wpex-transition-colors wpex-duration-200\" style=\"color:#2b2b2b;\" aria-expanded=\"false\" aria-controls=\"vcex_69f1ceb304533\"><div class=\"vcex-toggle__icon wpex-mr-10\" aria-hidden=\"true\" style=\"color:#ffa100;\"><div class=\"vcex-toggle__icon-open wpex-flex wpex-flex-col wpex-items-center\"><svg xmlns=\"http:\/\/www.w3.org\/2000\/svg\" height=\"1.5em\" viewBox=\"0 0 24 24\" width=\"1.5em\" fill=\"currentColor\" class=\"vcex-toggle__icon-open\"><path d=\"M0 0h24v24H0V0z\" fill=\"none\"\/><path d=\"M19 13h-6v6h-2v-6H5v-2h6V5h2v6h6v2z\"\/><\/svg><\/div><div class=\"vcex-toggle__icon-close wpex-flex wpex-flex-col wpex-items-center\"><svg xmlns=\"http:\/\/www.w3.org\/2000\/svg\" height=\"1.5em\" viewBox=\"0 0 24 24\" width=\"1.5em\" fill=\"currentColor\" class=\"vcex-toggle__icon-close\"><path d=\"M0 0h24v24H0V0z\" fill=\"none\"\/><path d=\"M19 13H5v-2h14v2z\"\/><\/svg><\/div><\/div><div class=\"vcex-toggle__title\"><strong>18.45h<\/strong> - Casual afterwork: Jazz &amp; Coorporate Networking<\/div><\/a><\/div><div id=\"vcex_69f1ceb304533\" class=\"vcex-toggle__content wpex-last-mb-0 wpex-my-10 wpex-clr\"><p>C\u00f3ctel abierto a los asistentes<\/p>\n<\/div><\/div>[vc_empty_space height=\u00bb50px\u00bb][vc_column_text]\n<h2 id=\"20oct\"><strong>10 de julio<\/strong> del 2026<\/h2>\n[\/vc_column_text][vc_column_text]\n<p class=\"pseparador\">INSPIRATIONAL MORNING<\/p>\n[\/vc_column_text]<div class=\"vcex-module vcex-toggle vcex-toggle--active\" data-animate=\"true\" data-duration=\"300\"><div class=\"vcex-toggle__heading\"><a href=\"#vcex_69f1ceb304691\" class=\"vcex-toggle__trigger wpex-flex wpex-items-center wpex-transition-colors wpex-duration-200\" style=\"color:#2b2b2b;\" aria-expanded=\"true\" aria-controls=\"vcex_69f1ceb304691\"><div class=\"vcex-toggle__icon wpex-mr-10\" aria-hidden=\"true\" style=\"color:#ffa100;\"><div class=\"vcex-toggle__icon-open wpex-flex wpex-flex-col wpex-items-center\"><svg xmlns=\"http:\/\/www.w3.org\/2000\/svg\" height=\"1.5em\" viewBox=\"0 0 24 24\" width=\"1.5em\" fill=\"currentColor\" class=\"vcex-toggle__icon-open\"><path d=\"M0 0h24v24H0V0z\" fill=\"none\"\/><path d=\"M19 13h-6v6h-2v-6H5v-2h6V5h2v6h6v2z\"\/><\/svg><\/div><div class=\"vcex-toggle__icon-close wpex-flex wpex-flex-col wpex-items-center\"><svg xmlns=\"http:\/\/www.w3.org\/2000\/svg\" height=\"1.5em\" viewBox=\"0 0 24 24\" width=\"1.5em\" fill=\"currentColor\" class=\"vcex-toggle__icon-close\"><path d=\"M0 0h24v24H0V0z\" fill=\"none\"\/><path d=\"M19 13H5v-2h14v2z\"\/><\/svg><\/div><\/div><div class=\"vcex-toggle__title\"><strong>09.15h<\/strong> - Bienvenida<\/div><\/a><\/div><div id=\"vcex_69f1ceb304691\" class=\"vcex-toggle__content wpex-last-mb-0 wpex-my-10 wpex-clr\"><ul>\n<li><b>TBD<\/b><\/li>\n<\/ul>\n<\/div><\/div><div class=\"vcex-module vcex-toggle\" data-animate=\"true\" data-duration=\"300\"><div class=\"vcex-toggle__heading\"><a href=\"#vcex_69f1ceb3047d8\" class=\"vcex-toggle__trigger wpex-flex wpex-items-center wpex-transition-colors wpex-duration-200\" style=\"color:#2b2b2b;\" aria-expanded=\"false\" aria-controls=\"vcex_69f1ceb3047d8\"><div class=\"vcex-toggle__icon wpex-mr-10\" aria-hidden=\"true\" style=\"color:#ffa100;\"><div class=\"vcex-toggle__icon-open wpex-flex wpex-flex-col wpex-items-center\"><svg xmlns=\"http:\/\/www.w3.org\/2000\/svg\" height=\"1.5em\" viewBox=\"0 0 24 24\" width=\"1.5em\" fill=\"currentColor\" class=\"vcex-toggle__icon-open\"><path d=\"M0 0h24v24H0V0z\" fill=\"none\"\/><path d=\"M19 13h-6v6h-2v-6H5v-2h6V5h2v6h6v2z\"\/><\/svg><\/div><div class=\"vcex-toggle__icon-close wpex-flex wpex-flex-col wpex-items-center\"><svg xmlns=\"http:\/\/www.w3.org\/2000\/svg\" height=\"1.5em\" viewBox=\"0 0 24 24\" width=\"1.5em\" fill=\"currentColor\" class=\"vcex-toggle__icon-close\"><path d=\"M0 0h24v24H0V0z\" fill=\"none\"\/><path d=\"M19 13H5v-2h14v2z\"\/><\/svg><\/div><\/div><div class=\"vcex-toggle__title\"><strong>9.30h <\/strong> - Lecciones de las Misiones Tripuladas y la Arquitectura de la Resiliencia<\/div><\/a><\/div><div id=\"vcex_69f1ceb3047d8\" class=\"vcex-toggle__content wpex-last-mb-0 wpex-my-10 wpex-clr\"><ul>\n<li><b>Jeffrey Hoffman,<\/b>\u00a0Astronauta de la NASA\n<div><\/div>\n<\/li>\n<\/ul>\n<\/div><\/div><div class=\"vcex-module vcex-toggle\" data-animate=\"true\" data-duration=\"300\"><div class=\"vcex-toggle__heading\"><a href=\"#vcex_69f1ceb30492b\" class=\"vcex-toggle__trigger wpex-flex wpex-items-center wpex-transition-colors wpex-duration-200\" style=\"color:#2b2b2b;\" aria-expanded=\"false\" aria-controls=\"vcex_69f1ceb30492b\"><div class=\"vcex-toggle__icon wpex-mr-10\" aria-hidden=\"true\" style=\"color:#ffa100;\"><div class=\"vcex-toggle__icon-open wpex-flex wpex-flex-col wpex-items-center\"><svg xmlns=\"http:\/\/www.w3.org\/2000\/svg\" height=\"1.5em\" viewBox=\"0 0 24 24\" width=\"1.5em\" fill=\"currentColor\" class=\"vcex-toggle__icon-open\"><path d=\"M0 0h24v24H0V0z\" fill=\"none\"\/><path d=\"M19 13h-6v6h-2v-6H5v-2h6V5h2v6h6v2z\"\/><\/svg><\/div><div class=\"vcex-toggle__icon-close wpex-flex wpex-flex-col wpex-items-center\"><svg xmlns=\"http:\/\/www.w3.org\/2000\/svg\" height=\"1.5em\" viewBox=\"0 0 24 24\" width=\"1.5em\" fill=\"currentColor\" class=\"vcex-toggle__icon-close\"><path d=\"M0 0h24v24H0V0z\" fill=\"none\"\/><path d=\"M19 13H5v-2h14v2z\"\/><\/svg><\/div><\/div><div class=\"vcex-toggle__title\"><strong>10.00h <\/strong> - El Espacio como Motor Transversal: Aplicaciones Reales en la Industria Tradicional<\/div><\/a><\/div><div id=\"vcex_69f1ceb30492b\" class=\"vcex-toggle__content wpex-last-mb-0 wpex-my-10 wpex-clr\"><ul>\n<li><b>Ignasi Castell\u00f3, <\/b>Director de Compras en Ficosa International<\/li>\n<li><strong>TBD<\/strong><\/li>\n<li><strong>TBD<\/strong><\/li>\n<li><strong>TBD<\/strong><\/li>\n<\/ul>\n<\/div><\/div><div class=\"vcex-module vcex-toggle\" data-animate=\"true\" data-duration=\"300\"><div class=\"vcex-toggle__heading\"><a href=\"#vcex_69f1ceb304a9e\" class=\"vcex-toggle__trigger wpex-flex wpex-items-center wpex-transition-colors wpex-duration-200\" style=\"color:#2b2b2b;\" aria-expanded=\"false\" aria-controls=\"vcex_69f1ceb304a9e\"><div class=\"vcex-toggle__icon wpex-mr-10\" aria-hidden=\"true\" style=\"color:#ffa100;\"><div class=\"vcex-toggle__icon-open wpex-flex wpex-flex-col wpex-items-center\"><svg xmlns=\"http:\/\/www.w3.org\/2000\/svg\" height=\"1.5em\" viewBox=\"0 0 24 24\" width=\"1.5em\" fill=\"currentColor\" class=\"vcex-toggle__icon-open\"><path d=\"M0 0h24v24H0V0z\" fill=\"none\"\/><path d=\"M19 13h-6v6h-2v-6H5v-2h6V5h2v6h6v2z\"\/><\/svg><\/div><div class=\"vcex-toggle__icon-close wpex-flex wpex-flex-col wpex-items-center\"><svg xmlns=\"http:\/\/www.w3.org\/2000\/svg\" height=\"1.5em\" viewBox=\"0 0 24 24\" width=\"1.5em\" fill=\"currentColor\" class=\"vcex-toggle__icon-close\"><path d=\"M0 0h24v24H0V0z\" fill=\"none\"\/><path d=\"M19 13H5v-2h14v2z\"\/><\/svg><\/div><\/div><div class=\"vcex-toggle__title\"><strong>10.45h<\/strong> - Caf\u00e9 Networking &amp; Visita a Expositores<\/div><\/a><\/div><div id=\"vcex_69f1ceb304a9e\" class=\"vcex-toggle__content wpex-last-mb-0 wpex-my-10 wpex-clr\"><p><em>Break<\/em><\/p>\n<\/div><\/div><div class=\"vcex-module vcex-toggle\" data-animate=\"true\" data-duration=\"300\"><div class=\"vcex-toggle__heading\"><a href=\"#vcex_69f1ceb304be1\" class=\"vcex-toggle__trigger wpex-flex wpex-items-center wpex-transition-colors wpex-duration-200\" style=\"color:#2b2b2b;\" aria-expanded=\"false\" aria-controls=\"vcex_69f1ceb304be1\"><div class=\"vcex-toggle__icon wpex-mr-10\" aria-hidden=\"true\" style=\"color:#ffa100;\"><div class=\"vcex-toggle__icon-open wpex-flex wpex-flex-col wpex-items-center\"><svg xmlns=\"http:\/\/www.w3.org\/2000\/svg\" height=\"1.5em\" viewBox=\"0 0 24 24\" width=\"1.5em\" fill=\"currentColor\" class=\"vcex-toggle__icon-open\"><path d=\"M0 0h24v24H0V0z\" fill=\"none\"\/><path d=\"M19 13h-6v6h-2v-6H5v-2h6V5h2v6h6v2z\"\/><\/svg><\/div><div class=\"vcex-toggle__icon-close wpex-flex wpex-flex-col wpex-items-center\"><svg xmlns=\"http:\/\/www.w3.org\/2000\/svg\" height=\"1.5em\" viewBox=\"0 0 24 24\" width=\"1.5em\" fill=\"currentColor\" class=\"vcex-toggle__icon-close\"><path d=\"M0 0h24v24H0V0z\" fill=\"none\"\/><path d=\"M19 13H5v-2h14v2z\"\/><\/svg><\/div><\/div><div class=\"vcex-toggle__title\"><strong>11.15h<\/strong> - El espacio en acci\u00f3n: Impulsando Industria e Innovaci\u00f3n<\/div><\/a><\/div><div id=\"vcex_69f1ceb304be1\" class=\"vcex-toggle__content wpex-last-mb-0 wpex-my-10 wpex-clr\"><ul>\n<li><b>TBD<\/b><\/li>\n<\/ul>\n<\/div><\/div><div class=\"vcex-module vcex-toggle\" data-animate=\"true\" data-duration=\"300\"><div class=\"vcex-toggle__heading\"><a href=\"#vcex_69f1ceb304d21\" class=\"vcex-toggle__trigger wpex-flex wpex-items-center wpex-transition-colors wpex-duration-200\" style=\"color:#2b2b2b;\" aria-expanded=\"false\" aria-controls=\"vcex_69f1ceb304d21\"><div class=\"vcex-toggle__icon wpex-mr-10\" aria-hidden=\"true\" style=\"color:#ffa100;\"><div class=\"vcex-toggle__icon-open wpex-flex wpex-flex-col wpex-items-center\"><svg xmlns=\"http:\/\/www.w3.org\/2000\/svg\" height=\"1.5em\" viewBox=\"0 0 24 24\" width=\"1.5em\" fill=\"currentColor\" class=\"vcex-toggle__icon-open\"><path d=\"M0 0h24v24H0V0z\" fill=\"none\"\/><path d=\"M19 13h-6v6h-2v-6H5v-2h6V5h2v6h6v2z\"\/><\/svg><\/div><div class=\"vcex-toggle__icon-close wpex-flex wpex-flex-col wpex-items-center\"><svg xmlns=\"http:\/\/www.w3.org\/2000\/svg\" height=\"1.5em\" viewBox=\"0 0 24 24\" width=\"1.5em\" fill=\"currentColor\" class=\"vcex-toggle__icon-close\"><path d=\"M0 0h24v24H0V0z\" fill=\"none\"\/><path d=\"M19 13H5v-2h14v2z\"\/><\/svg><\/div><\/div><div class=\"vcex-toggle__title\"><strong>12.00h<\/strong> - Territorios en \u00d3rbita: Las Regiones como Actores Estrat\u00e9gicos en la Econom\u00eda Espacial Global<\/div><\/a><\/div><div id=\"vcex_69f1ceb304d21\" class=\"vcex-toggle__content wpex-last-mb-0 wpex-my-10 wpex-clr\"><ul>\n<li><b>TBD<\/b><\/li>\n<\/ul>\n<\/div><\/div><div class=\"vcex-module vcex-toggle\" data-animate=\"true\" data-duration=\"300\"><div class=\"vcex-toggle__heading\"><a href=\"#vcex_69f1ceb304e60\" class=\"vcex-toggle__trigger wpex-flex wpex-items-center wpex-transition-colors wpex-duration-200\" style=\"color:#2b2b2b;\" aria-expanded=\"false\" aria-controls=\"vcex_69f1ceb304e60\"><div class=\"vcex-toggle__icon wpex-mr-10\" aria-hidden=\"true\" style=\"color:#ffa100;\"><div class=\"vcex-toggle__icon-open wpex-flex wpex-flex-col wpex-items-center\"><svg xmlns=\"http:\/\/www.w3.org\/2000\/svg\" height=\"1.5em\" viewBox=\"0 0 24 24\" width=\"1.5em\" fill=\"currentColor\" class=\"vcex-toggle__icon-open\"><path d=\"M0 0h24v24H0V0z\" fill=\"none\"\/><path d=\"M19 13h-6v6h-2v-6H5v-2h6V5h2v6h6v2z\"\/><\/svg><\/div><div class=\"vcex-toggle__icon-close wpex-flex wpex-flex-col wpex-items-center\"><svg xmlns=\"http:\/\/www.w3.org\/2000\/svg\" height=\"1.5em\" viewBox=\"0 0 24 24\" width=\"1.5em\" fill=\"currentColor\" class=\"vcex-toggle__icon-close\"><path d=\"M0 0h24v24H0V0z\" fill=\"none\"\/><path d=\"M19 13H5v-2h14v2z\"\/><\/svg><\/div><\/div><div class=\"vcex-toggle__title\"><strong>12.45h<\/strong> - La Resiliencia como Estrategia: El Pr\u00f3ximo Cap\u00edtulo de la Econom\u00eda Espacial<\/div><\/a><\/div><div id=\"vcex_69f1ceb304e60\" class=\"vcex-toggle__content wpex-last-mb-0 wpex-my-10 wpex-clr\"><ul>\n<li><strong>Remco Timmermans,\u00a0<\/strong>Director de Marketing de Anywaves y CEO de Space Agenda.<\/li>\n<\/ul>\n<\/div><\/div>[vc_column_text]\n<p class=\"pseparador2\"><b>CIERRE<\/b><\/p>\n[\/vc_column_text][\/vc_column][vc_column width=\u00bb1\/3&#8243; el_class=\u00bbsidebar-info\u00bb]<div class=\"ult_row_spacer\"><div class=\"ult-sticky-anchor\"><div class=\"ult-sticky-section ult-sticky box-info-program\"  data-gutter= '100' data-stick_behaviour= 'stick_with_scroll_row'  data-sticky_position= 'top' data-mobile='no' data-support='no'>[vc_column_text]\n<h3>Datos del evento<\/h3>\n<ul class=\"info-event\">\n<li><span class=\"fa fa-map-marker\" aria-hidden=\"true\"><span style=\"color: #fff;\">.<\/span><\/span>La Llotja de Mar, Barcelona<\/li>\n<li><span class=\"fa fa-calendar-o\" aria-hidden=\"true\"><span style=\"color: #fff;\">.<\/span><\/span>9 de julio a las 9.00h<\/li>\n<li><span class=\"fa fa-calendar-o\" aria-hidden=\"true\"><span style=\"color: #fff;\">.<\/span><\/span>10 de julio a las 9.00h<\/li>\n<\/ul>\n<p><span style=\"color: #fff;\">.<\/span><br \/>\n<a class=\"btn-o\" style=\"width: 100%;\" href=\"https:\/\/www.newspacecongress.cat\/inscripcio\" target=\"_blank\" rel=\"noopener\">REGISTRO<\/a>[\/vc_column_text]<\/div><div class=\"ult-space\"><\/div><\/div><\/div>[\/vc_column][\/vc_row][vc_row][vc_column][vc_empty_space height=\u00bb50px\u00bb][\/vc_column][\/vc_row]\n","protected":false},"excerpt":{"rendered":"<p>[vc_row el_class=\u00bbbox-program\u00bb][vc_column width=\u00bb2\/3&#8243;][vc_column_text] 9 de julio del 2026 [\/vc_column_text][vc_column_text] TECH MORNING [\/vc_column_text][vc_column_text] BUSINESS AFTERNOON [\/vc_column_text][vc_column_text] SIDE EVENTS &#8211; WORKSHOPS [\/vc_column_text][vc_column_text] MAIN STAGE &#8211; ORBIT x CHALLENGES: The Business Arena\u00a0 [\/vc_column_text][vc_column_text] CIERRE [\/vc_column_text][vc_empty_space height=\u00bb50px\u00bb][vc_column_text] 10 de julio del 2026 [\/vc_column_text][vc_column_text] INSPIRATIONAL MORNING [\/vc_column_text][vc_column_text] CIERRE [\/vc_column_text][\/vc_column][vc_column width=\u00bb1\/3&#8243; el_class=\u00bbsidebar-info\u00bb][\/vc_column][\/vc_row][vc_row][vc_column][vc_empty_space height=\u00bb50px\u00bb][\/vc_column][\/vc_row]<\/p>\n","protected":false},"author":2,"featured_media":0,"parent":0,"menu_order":0,"comment_status":"closed","ping_status":"closed","template":"","meta":{"footnotes":""},"class_list":["post-10672","page","type-page","status-publish","hentry","entry","no-media"],"yoast_head":"<!-- This site is optimized with the Yoast SEO plugin v25.5 - https:\/\/yoast.com\/wordpress\/plugins\/seo\/ -->\n<title>Programa - Space Economy Congress 2026<\/title>\n<meta name=\"description\" content=\"Consulta el programa completo del Space Economy Congress 2026 con ponencias, talleres y sesiones sobre innovaci\u00f3n, transici\u00f3n verde e IA en el sector espacial.\" \/>\n<meta name=\"robots\" content=\"index, follow, max-snippet:-1, max-image-preview:large, max-video-preview:-1\" \/>\n<link rel=\"canonical\" href=\"https:\/\/spaceeconomycongress.org\/es\/programa\/\" \/>\n<meta property=\"og:locale\" content=\"es_ES\" \/>\n<meta property=\"og:type\" content=\"article\" \/>\n<meta property=\"og:title\" content=\"Programa - Space Economy Congress 2026\" \/>\n<meta property=\"og:description\" content=\"Consulta el programa completo del Space Economy Congress 2026 con ponencias, talleres y sesiones sobre innovaci\u00f3n, transici\u00f3n verde e IA en el sector espacial.\" \/>\n<meta property=\"og:url\" content=\"https:\/\/spaceeconomycongress.org\/es\/programa\/\" \/>\n<meta property=\"og:site_name\" content=\"Space Economy Congress 2026\" \/>\n<meta property=\"article:modified_time\" content=\"2026-04-22T11:03:12+00:00\" \/>\n<meta name=\"twitter:card\" content=\"summary_large_image\" \/>\n<meta name=\"twitter:label1\" content=\"Tiempo de lectura\" \/>\n\t<meta name=\"twitter:data1\" content=\"4 minutos\" \/>\n<script type=\"application\/ld+json\" class=\"yoast-schema-graph\">{\"@context\":\"https:\/\/schema.org\",\"@graph\":[{\"@type\":\"WebPage\",\"@id\":\"https:\/\/spaceeconomycongress.org\/es\/programa\/\",\"url\":\"https:\/\/spaceeconomycongress.org\/es\/programa\/\",\"name\":\"Programa - Space Economy Congress 2026\",\"isPartOf\":{\"@id\":\"https:\/\/spaceeconomycongress.org\/#website\"},\"datePublished\":\"2022-08-18T13:42:15+00:00\",\"dateModified\":\"2026-04-22T11:03:12+00:00\",\"description\":\"Consulta el programa completo del Space Economy Congress 2026 con ponencias, talleres y sesiones sobre innovaci\u00f3n, transici\u00f3n verde e IA en el sector espacial.\",\"breadcrumb\":{\"@id\":\"https:\/\/spaceeconomycongress.org\/es\/programa\/#breadcrumb\"},\"inLanguage\":\"es\",\"potentialAction\":[{\"@type\":\"ReadAction\",\"target\":[\"https:\/\/spaceeconomycongress.org\/es\/programa\/\"]}]},{\"@type\":\"BreadcrumbList\",\"@id\":\"https:\/\/spaceeconomycongress.org\/es\/programa\/#breadcrumb\",\"itemListElement\":[{\"@type\":\"ListItem\",\"position\":1,\"name\":\"Home\",\"item\":\"https:\/\/spaceeconomycongress.org\/es\/\"},{\"@type\":\"ListItem\",\"position\":2,\"name\":\"Programa\"}]},{\"@type\":\"WebSite\",\"@id\":\"https:\/\/spaceeconomycongress.org\/#website\",\"url\":\"https:\/\/spaceeconomycongress.org\/\",\"name\":\"Space Economy Congress 2026\",\"description\":\"9 y 10 de juliol de 2026\",\"publisher\":{\"@id\":\"https:\/\/spaceeconomycongress.org\/#organization\"},\"potentialAction\":[{\"@type\":\"SearchAction\",\"target\":{\"@type\":\"EntryPoint\",\"urlTemplate\":\"https:\/\/spaceeconomycongress.org\/?s={search_term_string}\"},\"query-input\":{\"@type\":\"PropertyValueSpecification\",\"valueRequired\":true,\"valueName\":\"search_term_string\"}}],\"inLanguage\":\"es\"},{\"@type\":\"Organization\",\"@id\":\"https:\/\/spaceeconomycongress.org\/#organization\",\"name\":\"New Space Congress 2022\",\"url\":\"https:\/\/spaceeconomycongress.org\/\",\"logo\":{\"@type\":\"ImageObject\",\"inLanguage\":\"es\",\"@id\":\"https:\/\/spaceeconomycongress.org\/#\/schema\/logo\/image\/\",\"url\":\"https:\/\/spaceeconomycongress.org\/wp-content\/uploads\/2026\/01\/SPACE_ECONOMY_2026_web.png\",\"contentUrl\":\"https:\/\/spaceeconomycongress.org\/wp-content\/uploads\/2026\/01\/SPACE_ECONOMY_2026_web.png\",\"width\":1000,\"height\":262,\"caption\":\"New Space Congress 2022\"},\"image\":{\"@id\":\"https:\/\/spaceeconomycongress.org\/#\/schema\/logo\/image\/\"}}]}<\/script>\n<!-- \/ Yoast SEO plugin. -->","yoast_head_json":{"title":"Programa - Space Economy Congress 2026","description":"Consulta el programa completo del Space Economy Congress 2026 con ponencias, talleres y sesiones sobre innovaci\u00f3n, transici\u00f3n verde e IA en el sector espacial.","robots":{"index":"index","follow":"follow","max-snippet":"max-snippet:-1","max-image-preview":"max-image-preview:large","max-video-preview":"max-video-preview:-1"},"canonical":"https:\/\/spaceeconomycongress.org\/es\/programa\/","og_locale":"es_ES","og_type":"article","og_title":"Programa - Space Economy Congress 2026","og_description":"Consulta el programa completo del Space Economy Congress 2026 con ponencias, talleres y sesiones sobre innovaci\u00f3n, transici\u00f3n verde e IA en el sector espacial.","og_url":"https:\/\/spaceeconomycongress.org\/es\/programa\/","og_site_name":"Space Economy Congress 2026","article_modified_time":"2026-04-22T11:03:12+00:00","twitter_card":"summary_large_image","twitter_misc":{"Tiempo de lectura":"4 minutos"},"schema":{"@context":"https:\/\/schema.org","@graph":[{"@type":"WebPage","@id":"https:\/\/spaceeconomycongress.org\/es\/programa\/","url":"https:\/\/spaceeconomycongress.org\/es\/programa\/","name":"Programa - Space Economy Congress 2026","isPartOf":{"@id":"https:\/\/spaceeconomycongress.org\/#website"},"datePublished":"2022-08-18T13:42:15+00:00","dateModified":"2026-04-22T11:03:12+00:00","description":"Consulta el programa completo del Space Economy Congress 2026 con ponencias, talleres y sesiones sobre innovaci\u00f3n, transici\u00f3n verde e IA en el sector espacial.","breadcrumb":{"@id":"https:\/\/spaceeconomycongress.org\/es\/programa\/#breadcrumb"},"inLanguage":"es","potentialAction":[{"@type":"ReadAction","target":["https:\/\/spaceeconomycongress.org\/es\/programa\/"]}]},{"@type":"BreadcrumbList","@id":"https:\/\/spaceeconomycongress.org\/es\/programa\/#breadcrumb","itemListElement":[{"@type":"ListItem","position":1,"name":"Home","item":"https:\/\/spaceeconomycongress.org\/es\/"},{"@type":"ListItem","position":2,"name":"Programa"}]},{"@type":"WebSite","@id":"https:\/\/spaceeconomycongress.org\/#website","url":"https:\/\/spaceeconomycongress.org\/","name":"Space Economy Congress 2026","description":"9 y 10 de juliol de 2026","publisher":{"@id":"https:\/\/spaceeconomycongress.org\/#organization"},"potentialAction":[{"@type":"SearchAction","target":{"@type":"EntryPoint","urlTemplate":"https:\/\/spaceeconomycongress.org\/?s={search_term_string}"},"query-input":{"@type":"PropertyValueSpecification","valueRequired":true,"valueName":"search_term_string"}}],"inLanguage":"es"},{"@type":"Organization","@id":"https:\/\/spaceeconomycongress.org\/#organization","name":"New Space Congress 2022","url":"https:\/\/spaceeconomycongress.org\/","logo":{"@type":"ImageObject","inLanguage":"es","@id":"https:\/\/spaceeconomycongress.org\/#\/schema\/logo\/image\/","url":"https:\/\/spaceeconomycongress.org\/wp-content\/uploads\/2026\/01\/SPACE_ECONOMY_2026_web.png","contentUrl":"https:\/\/spaceeconomycongress.org\/wp-content\/uploads\/2026\/01\/SPACE_ECONOMY_2026_web.png","width":1000,"height":262,"caption":"New Space Congress 2022"},"image":{"@id":"https:\/\/spaceeconomycongress.org\/#\/schema\/logo\/image\/"}}]}},"_links":{"self":[{"href":"https:\/\/spaceeconomycongress.org\/es\/wp-json\/wp\/v2\/pages\/10672","targetHints":{"allow":["GET"]}}],"collection":[{"href":"https:\/\/spaceeconomycongress.org\/es\/wp-json\/wp\/v2\/pages"}],"about":[{"href":"https:\/\/spaceeconomycongress.org\/es\/wp-json\/wp\/v2\/types\/page"}],"author":[{"embeddable":true,"href":"https:\/\/spaceeconomycongress.org\/es\/wp-json\/wp\/v2\/users\/2"}],"replies":[{"embeddable":true,"href":"https:\/\/spaceeconomycongress.org\/es\/wp-json\/wp\/v2\/comments?post=10672"}],"version-history":[{"count":16,"href":"https:\/\/spaceeconomycongress.org\/es\/wp-json\/wp\/v2\/pages\/10672\/revisions"}],"predecessor-version":[{"id":10863,"href":"https:\/\/spaceeconomycongress.org\/es\/wp-json\/wp\/v2\/pages\/10672\/revisions\/10863"}],"wp:attachment":[{"href":"https:\/\/spaceeconomycongress.org\/es\/wp-json\/wp\/v2\/media?parent=10672"}],"curies":[{"name":"wp","href":"https:\/\/api.w.org\/{rel}","templated":true}]}}