{"id":8943,"date":"2022-08-18T15:44:47","date_gmt":"2022-08-18T13:44:47","guid":{"rendered":"https:\/\/www.newspacecongress.cat\/?page_id=8943"},"modified":"2026-04-21T11:07:03","modified_gmt":"2026-04-21T09:07:03","slug":"colaboradores","status":"publish","type":"page","link":"https:\/\/spaceeconomycongress.org\/es\/colaboradores\/","title":{"rendered":"Colaboradores"},"content":{"rendered":"[vc_row remove_bottom_col_margin=\u00bbtrue\u00bb el_class=\u00bbhome-box-logos\u00bb][vc_column][vc_column_text css=\u00bb.vc_custom_1774349662840{margin-top: 20px !important;margin-bottom: 40px !important;}\u00bb]\n<p style=\"text-align: center;\">El <em>Space Economy Congress 2026<\/em> es hace posible gracias a la colaboraci\u00f3n de una amplia red de organizadores, patrocinadores y entidades colaboradoras que apuestan por el futuro del espacio. En esta p\u00e1gina encontrar\u00e1s todas las organizaciones que apoyan esta nueva edici\u00f3n y que hacen crecer el ecosistema <em>New Space<\/em> desde el conocimiento, la innovaci\u00f3n y el compromiso.<\/p>\n[\/vc_column_text][vc_column_text]\n<h3 class=\"subhead-home\">Organizado por<\/h3>\n[\/vc_column_text][vc_row_inner][vc_column_inner width=\u00bb1\/6&#8243;][\/vc_column_inner][vc_column_inner width=\u00bb2\/3&#8243;][vc_column_text]<img loading=\"lazy\" decoding=\"async\" class=\"alignnone wp-image-6190 size-full\" src=\"https:\/\/www.newspacecongress.cat\/wp-content\/uploads\/2024\/04\/logo-cambra-gene24.png\" alt=\"\" width=\"2679\" height=\"178\" \/>[\/vc_column_text][\/vc_column_inner][vc_column_inner width=\u00bb1\/6&#8243;][\/vc_column_inner][\/vc_row_inner][\/vc_column][\/vc_row][vc_row remove_bottom_col_margin=\u00bbtrue\u00bb el_class=\u00bbhome-box-logos box-convidat\u00bb][vc_column][vc_column_text]\n<h3 class=\"subhead-home\">Ecosistema Invitado<\/h3>\n[\/vc_column_text][vc_row_inner][vc_column_inner][vc_column_text]<img decoding=\"async\" class=\"wp-image-10783 size-full aligncenter\" src=\"https:\/\/spaceeconomycongress.org\/wp-content\/uploads\/2026\/03\/emilia-romagna-logo.png\" alt=\"\" width=\"250\" height=\"auto\" srcset=\"https:\/\/spaceeconomycongress.org\/wp-content\/uploads\/2026\/03\/emilia-romagna-logo.png 1240w, https:\/\/spaceeconomycongress.org\/wp-content\/uploads\/2026\/03\/emilia-romagna-logo-300x171.png 300w, https:\/\/spaceeconomycongress.org\/wp-content\/uploads\/2026\/03\/emilia-romagna-logo-1024x585.png 1024w, https:\/\/spaceeconomycongress.org\/wp-content\/uploads\/2026\/03\/emilia-romagna-logo-768x439.png 768w\" sizes=\"(max-width: 1240px) 100vw, 1240px\" \/>[\/vc_column_text][\/vc_column_inner][\/vc_row_inner][\/vc_column][\/vc_row][vc_row el_class=\u00bbhome-box-logos\u00bb][vc_column][vc_column_text]\n<h3 class=\"subhead-home\">Partners del Congreso<\/h3>\n[\/vc_column_text][vc_column_text]<div class=\"colaboradores-grid categoria-partners edicio-2026\"><div class=\"colaborador-item\"><a href=\"https:\/\/i2cat.net\/\" target=\"_blank\" rel=\"noopener noreferrer\"><img decoding=\"async\" src=\"https:\/\/spaceeconomycongress.org\/wp-content\/uploads\/2024\/04\/logo-i2CAT.png\" alt=\"i2CAT\" \/><\/a><\/div><div class=\"colaborador-item\"><a href=\"https:\/\/www.icgc.cat\" target=\"_blank\" rel=\"noopener noreferrer\"><img decoding=\"async\" src=\"https:\/\/spaceeconomycongress.org\/wp-content\/uploads\/2022\/08\/logo_icgc.jpg\" alt=\"ICGC\" \/><\/a><\/div><div class=\"colaborador-item\"><a href=\"https:\/\/www.ieec.cat\/\" target=\"_blank\" rel=\"noopener noreferrer\"><img decoding=\"async\" src=\"https:\/\/spaceeconomycongress.org\/wp-content\/uploads\/2024\/04\/Logo-IEEC.png\" alt=\"IEEC\" \/><\/a><\/div><div class=\"colaborador-item\"><a href=\"https:\/\/kimglobal.com\/es\/kimbcn\/\" target=\"_blank\" rel=\"noopener noreferrer\"><img decoding=\"async\" src=\"https:\/\/spaceeconomycongress.org\/wp-content\/uploads\/2024\/06\/logo_kimbcn_newspace.png\" alt=\"KIMBCN\" \/><\/a><\/div><\/div>[\/vc_column_text][\/vc_column][\/vc_row][vc_row el_class=\u00bbhome-box-logos\u00bb css=\u00bb.vc_custom_1776762420487{border-bottom-width: 40px !important;}\u00bb][vc_column][vc_empty_space height=\u00bb50px\u00bb][vc_text_separator title=\u00bbSponsors J\u00fapiter\u00bb][vc_column_text]<div class=\"colaboradores-grid categoria-jupiter edicio-2026\"><div class=\"colaborador-item\"><a href=\"https:\/\/www.airbus.com\/\" target=\"_blank\" rel=\"noopener noreferrer\"><img decoding=\"async\" src=\"https:\/\/spaceeconomycongress.org\/wp-content\/uploads\/2023\/09\/J_Airbus.png\" alt=\"Airbus\" \/><\/a><\/div><div class=\"colaborador-item\"><a href=\"https:\/\/augustaabogados.com\/\" target=\"_blank\" rel=\"noopener noreferrer\"><img decoding=\"async\" src=\"https:\/\/spaceeconomycongress.org\/wp-content\/uploads\/2024\/08\/augusta_abogados.png\" alt=\"Augusta Avogados\" \/><\/a><\/div><div class=\"colaborador-item\"><a href=\"https:\/\/www.compoxi.com\" target=\"_blank\" rel=\"noopener noreferrer\"><img decoding=\"async\" src=\"https:\/\/spaceeconomycongress.org\/wp-content\/uploads\/2025\/05\/logo-compoxi.png\" alt=\"Compoxi\" \/><\/a><\/div><div class=\"colaborador-item\"><a href=\"https:\/\/www.indragroup.com\/\" target=\"_blank\" rel=\"noopener noreferrer\"><img decoding=\"async\" src=\"https:\/\/spaceeconomycongress.org\/wp-content\/uploads\/2026\/04\/logo-indra-group.png\" alt=\"Indra Group\" \/><\/a><\/div><div class=\"colaborador-item\"><a href=\"https:\/\/www.rohde-schwarz.com\" target=\"_blank\" rel=\"noopener noreferrer\"><img decoding=\"async\" src=\"https:\/\/spaceeconomycongress.org\/wp-content\/uploads\/2026\/04\/logo-rohdeschwarz.png\" alt=\"Rohde &#038; Schwarz\" \/><\/a><\/div><\/div>[\/vc_column_text][\/vc_column][\/vc_row][vc_row el_class=\u00bbhome-box-logos\u00bb css=\u00bb.vc_custom_1776762347508{border-bottom-width: 40px !important;}\u00bb][vc_column][vc_empty_space height=\u00bb50px\u00bb][vc_text_separator title=\u00bbSponsors Mars\u00bb][vc_column_text]<div class=\"colaboradores-grid categoria-mars edicio-2026\"><div class=\"colaborador-item\"><a href=\"https:\/\/earthpulse.ai\/\" target=\"_blank\" rel=\"noopener noreferrer\"><img decoding=\"async\" src=\"https:\/\/spaceeconomycongress.org\/wp-content\/uploads\/2024\/08\/logo_earthpulse.png\" alt=\"Earthpulse\" \/><\/a><\/div><\/div>[\/vc_column_text][\/vc_column][\/vc_row][vc_row el_class=\u00bbhome-box-logos\u00bb css=\u00bb.vc_custom_1774348361370{border-bottom-width: 40px !important;}\u00bb][vc_column][vc_column_text]\n<h3 class=\"subhead-home\">Colaboradores del Congreso<\/h3>\n[\/vc_column_text][vc_column_text]<div class=\"colaboradores-grid categoria-col%c2%b7laboradors edicio-2026\"><div class=\"colaborador-item\"><a href=\"https:\/\/earsc.org\/\" target=\"_blank\" rel=\"noopener noreferrer\"><img decoding=\"async\" src=\"https:\/\/spaceeconomycongress.org\/wp-content\/uploads\/2025\/02\/logo-EARSC-nsce25.png\" alt=\"EARSC\" \/><\/a><\/div><div class=\"colaborador-item\"><a href=\"https:\/\/www.eurisy.eu\/\" target=\"_blank\" rel=\"noopener noreferrer\"><img decoding=\"async\" src=\"https:\/\/spaceeconomycongress.org\/wp-content\/uploads\/2025\/05\/logo-eurisy.png\" alt=\"Eurisy\" \/><\/a><\/div><div class=\"colaborador-item\"><a href=\"https:\/\/giga.global\/\" target=\"_blank\" rel=\"noopener noreferrer\"><img decoding=\"async\" src=\"https:\/\/spaceeconomycongress.org\/wp-content\/uploads\/2026\/04\/logo-giga.png\" alt=\"Giga\" \/><\/a><\/div><div class=\"colaborador-item\"><a href=\"https:\/\/www.nereus-regions.eu\/\" target=\"_blank\" rel=\"noopener noreferrer\"><img decoding=\"async\" src=\"https:\/\/spaceeconomycongress.org\/wp-content\/uploads\/2025\/02\/logo-NEREUS-nsce25.png\" alt=\"NEREUS\" \/><\/a><\/div><div class=\"colaborador-item\"><a href=\"https:\/\/orbitalbridge.co.uk\/\" target=\"_blank\" rel=\"noopener noreferrer\"><img decoding=\"async\" src=\"https:\/\/spaceeconomycongress.org\/wp-content\/uploads\/2026\/03\/logo-orbital-bridge.png\" alt=\"Orbital Bridge\" \/><\/a><\/div><div class=\"colaborador-item\"><a href=\"https:\/\/www.sme4space.org\" target=\"_blank\" rel=\"noopener noreferrer\"><img decoding=\"async\" src=\"https:\/\/spaceeconomycongress.org\/wp-content\/uploads\/2025\/04\/logo-sme4space-newspacecongres25.png\" alt=\"SME4SPACE\" \/><\/a><\/div><div class=\"colaborador-item\"><a href=\"https:\/\/www.instagram.com\/women4space\/\" target=\"_blank\" rel=\"noopener noreferrer\"><img decoding=\"async\" src=\"https:\/\/spaceeconomycongress.org\/wp-content\/uploads\/2026\/03\/logo-women4space.png\" alt=\"Women4Space\" \/><\/a><\/div><\/div>[\/vc_column_text][\/vc_column][\/vc_row][vc_row disable_element=\u00bbyes\u00bb el_class=\u00bbhome-box-logos\u00bb css=\u00bb.vc_custom_1773916193086{border-bottom-width: 40px !important;}\u00bb][vc_column][vc_empty_space height=\u00bb50px\u00bb][vc_text_separator title=\u00bbMedia Partners\u00bb][vc_column_text]No se encontraron colaboradores para esta categor\u00eda en la edici\u00f3n 2026.[\/vc_column_text][\/vc_column][\/vc_row][vc_row][vc_column][vc_empty_space][\/vc_column][\/vc_row]\n","protected":false},"excerpt":{"rendered":"<p>[vc_row remove_bottom_col_margin=\u00bbtrue\u00bb el_class=\u00bbhome-box-logos\u00bb][vc_column][vc_column_text css=\u00bb.vc_custom_1774349662840{margin-top: 20px !important;margin-bottom: 40px !important;}\u00bb] El Space Economy Congress 2026 es hace posible gracias a la colaboraci\u00f3n de una amplia red de organizadores, patrocinadores y entidades colaboradoras que apuestan por el futuro del espacio. En esta p\u00e1gina encontrar\u00e1s todas las organizaciones que apoyan esta nueva edici\u00f3n y que hacen crecer el ecosistema&hellip;<\/p>\n","protected":false},"author":2,"featured_media":10987,"parent":0,"menu_order":0,"comment_status":"closed","ping_status":"closed","template":"","meta":{"footnotes":""},"class_list":["post-8943","page","type-page","status-publish","has-post-thumbnail","hentry","entry","has-media"],"yoast_head":"<!-- This site is optimized with the Yoast SEO plugin v25.5 - https:\/\/yoast.com\/wordpress\/plugins\/seo\/ -->\n<title>Colaboradores - Space Economy Congress 2026<\/title>\n<meta name=\"description\" content=\"Organizado por la C\u00e1mara de Comercio de Barcelona y la Generalitat de Catalu\u00f1a.\" \/>\n<meta name=\"robots\" content=\"index, follow, max-snippet:-1, max-image-preview:large, max-video-preview:-1\" \/>\n<link rel=\"canonical\" href=\"https:\/\/spaceeconomycongress.org\/es\/colaboradores\/\" \/>\n<meta property=\"og:locale\" content=\"es_ES\" \/>\n<meta property=\"og:type\" content=\"article\" \/>\n<meta property=\"og:title\" content=\"Colaboradores - Space Economy Congress 2026\" \/>\n<meta property=\"og:description\" content=\"Organizado por la C\u00e1mara de Comercio de Barcelona y la Generalitat de Catalu\u00f1a.\" \/>\n<meta property=\"og:url\" content=\"https:\/\/spaceeconomycongress.org\/es\/colaboradores\/\" \/>\n<meta property=\"og:site_name\" content=\"Space Economy Congress 2026\" \/>\n<meta property=\"article:modified_time\" content=\"2026-04-21T09:07:03+00:00\" \/>\n<meta property=\"og:image\" content=\"https:\/\/spaceeconomycongress.org\/wp-content\/uploads\/2023\/06\/logos_cambra_nsc23_color.png\" \/>\n\t<meta property=\"og:image:width\" content=\"2679\" \/>\n\t<meta property=\"og:image:height\" content=\"178\" \/>\n\t<meta property=\"og:image:type\" content=\"image\/png\" \/>\n<meta name=\"twitter:card\" content=\"summary_large_image\" \/>\n<meta name=\"twitter:label1\" content=\"Tiempo de lectura\" \/>\n\t<meta name=\"twitter:data1\" content=\"2 minutos\" \/>\n<script type=\"application\/ld+json\" class=\"yoast-schema-graph\">{\"@context\":\"https:\/\/schema.org\",\"@graph\":[{\"@type\":\"WebPage\",\"@id\":\"https:\/\/spaceeconomycongress.org\/es\/colaboradores\/\",\"url\":\"https:\/\/spaceeconomycongress.org\/es\/colaboradores\/\",\"name\":\"Colaboradores - Space Economy Congress 2026\",\"isPartOf\":{\"@id\":\"https:\/\/spaceeconomycongress.org\/#website\"},\"primaryImageOfPage\":{\"@id\":\"https:\/\/spaceeconomycongress.org\/es\/colaboradores\/#primaryimage\"},\"image\":{\"@id\":\"https:\/\/spaceeconomycongress.org\/es\/colaboradores\/#primaryimage\"},\"thumbnailUrl\":\"https:\/\/spaceeconomycongress.org\/wp-content\/uploads\/2026\/04\/imatge-destacada-sec26.jpg\",\"datePublished\":\"2022-08-18T13:44:47+00:00\",\"dateModified\":\"2026-04-21T09:07:03+00:00\",\"description\":\"Organizado por la C\u00e1mara de Comercio de Barcelona y la Generalitat de Catalu\u00f1a.\",\"breadcrumb\":{\"@id\":\"https:\/\/spaceeconomycongress.org\/es\/colaboradores\/#breadcrumb\"},\"inLanguage\":\"es\",\"potentialAction\":[{\"@type\":\"ReadAction\",\"target\":[\"https:\/\/spaceeconomycongress.org\/es\/colaboradores\/\"]}]},{\"@type\":\"ImageObject\",\"inLanguage\":\"es\",\"@id\":\"https:\/\/spaceeconomycongress.org\/es\/colaboradores\/#primaryimage\",\"url\":\"https:\/\/spaceeconomycongress.org\/wp-content\/uploads\/2026\/04\/imatge-destacada-sec26.jpg\",\"contentUrl\":\"https:\/\/spaceeconomycongress.org\/wp-content\/uploads\/2026\/04\/imatge-destacada-sec26.jpg\",\"width\":1200,\"height\":630},{\"@type\":\"BreadcrumbList\",\"@id\":\"https:\/\/spaceeconomycongress.org\/es\/colaboradores\/#breadcrumb\",\"itemListElement\":[{\"@type\":\"ListItem\",\"position\":1,\"name\":\"Home\",\"item\":\"https:\/\/spaceeconomycongress.org\/es\/\"},{\"@type\":\"ListItem\",\"position\":2,\"name\":\"Colaboradores\"}]},{\"@type\":\"WebSite\",\"@id\":\"https:\/\/spaceeconomycongress.org\/#website\",\"url\":\"https:\/\/spaceeconomycongress.org\/\",\"name\":\"Space Economy Congress 2026\",\"description\":\"9 y 10 de juliol de 2026\",\"publisher\":{\"@id\":\"https:\/\/spaceeconomycongress.org\/#organization\"},\"potentialAction\":[{\"@type\":\"SearchAction\",\"target\":{\"@type\":\"EntryPoint\",\"urlTemplate\":\"https:\/\/spaceeconomycongress.org\/?s={search_term_string}\"},\"query-input\":{\"@type\":\"PropertyValueSpecification\",\"valueRequired\":true,\"valueName\":\"search_term_string\"}}],\"inLanguage\":\"es\"},{\"@type\":\"Organization\",\"@id\":\"https:\/\/spaceeconomycongress.org\/#organization\",\"name\":\"New Space Congress 2022\",\"url\":\"https:\/\/spaceeconomycongress.org\/\",\"logo\":{\"@type\":\"ImageObject\",\"inLanguage\":\"es\",\"@id\":\"https:\/\/spaceeconomycongress.org\/#\/schema\/logo\/image\/\",\"url\":\"https:\/\/spaceeconomycongress.org\/wp-content\/uploads\/2026\/01\/SPACE_ECONOMY_2026_web.png\",\"contentUrl\":\"https:\/\/spaceeconomycongress.org\/wp-content\/uploads\/2026\/01\/SPACE_ECONOMY_2026_web.png\",\"width\":1000,\"height\":262,\"caption\":\"New Space Congress 2022\"},\"image\":{\"@id\":\"https:\/\/spaceeconomycongress.org\/#\/schema\/logo\/image\/\"}}]}<\/script>\n<!-- \/ Yoast SEO plugin. -->","yoast_head_json":{"title":"Colaboradores - Space Economy Congress 2026","description":"Organizado por la C\u00e1mara de Comercio de Barcelona y la Generalitat de Catalu\u00f1a.","robots":{"index":"index","follow":"follow","max-snippet":"max-snippet:-1","max-image-preview":"max-image-preview:large","max-video-preview":"max-video-preview:-1"},"canonical":"https:\/\/spaceeconomycongress.org\/es\/colaboradores\/","og_locale":"es_ES","og_type":"article","og_title":"Colaboradores - Space Economy Congress 2026","og_description":"Organizado por la C\u00e1mara de Comercio de Barcelona y la Generalitat de Catalu\u00f1a.","og_url":"https:\/\/spaceeconomycongress.org\/es\/colaboradores\/","og_site_name":"Space Economy Congress 2026","article_modified_time":"2026-04-21T09:07:03+00:00","og_image":[{"width":2679,"height":178,"url":"https:\/\/spaceeconomycongress.org\/wp-content\/uploads\/2023\/06\/logos_cambra_nsc23_color.png","type":"image\/png"}],"twitter_card":"summary_large_image","twitter_misc":{"Tiempo de lectura":"2 minutos"},"schema":{"@context":"https:\/\/schema.org","@graph":[{"@type":"WebPage","@id":"https:\/\/spaceeconomycongress.org\/es\/colaboradores\/","url":"https:\/\/spaceeconomycongress.org\/es\/colaboradores\/","name":"Colaboradores - Space Economy Congress 2026","isPartOf":{"@id":"https:\/\/spaceeconomycongress.org\/#website"},"primaryImageOfPage":{"@id":"https:\/\/spaceeconomycongress.org\/es\/colaboradores\/#primaryimage"},"image":{"@id":"https:\/\/spaceeconomycongress.org\/es\/colaboradores\/#primaryimage"},"thumbnailUrl":"https:\/\/spaceeconomycongress.org\/wp-content\/uploads\/2026\/04\/imatge-destacada-sec26.jpg","datePublished":"2022-08-18T13:44:47+00:00","dateModified":"2026-04-21T09:07:03+00:00","description":"Organizado por la C\u00e1mara de Comercio de Barcelona y la Generalitat de Catalu\u00f1a.","breadcrumb":{"@id":"https:\/\/spaceeconomycongress.org\/es\/colaboradores\/#breadcrumb"},"inLanguage":"es","potentialAction":[{"@type":"ReadAction","target":["https:\/\/spaceeconomycongress.org\/es\/colaboradores\/"]}]},{"@type":"ImageObject","inLanguage":"es","@id":"https:\/\/spaceeconomycongress.org\/es\/colaboradores\/#primaryimage","url":"https:\/\/spaceeconomycongress.org\/wp-content\/uploads\/2026\/04\/imatge-destacada-sec26.jpg","contentUrl":"https:\/\/spaceeconomycongress.org\/wp-content\/uploads\/2026\/04\/imatge-destacada-sec26.jpg","width":1200,"height":630},{"@type":"BreadcrumbList","@id":"https:\/\/spaceeconomycongress.org\/es\/colaboradores\/#breadcrumb","itemListElement":[{"@type":"ListItem","position":1,"name":"Home","item":"https:\/\/spaceeconomycongress.org\/es\/"},{"@type":"ListItem","position":2,"name":"Colaboradores"}]},{"@type":"WebSite","@id":"https:\/\/spaceeconomycongress.org\/#website","url":"https:\/\/spaceeconomycongress.org\/","name":"Space Economy Congress 2026","description":"9 y 10 de juliol de 2026","publisher":{"@id":"https:\/\/spaceeconomycongress.org\/#organization"},"potentialAction":[{"@type":"SearchAction","target":{"@type":"EntryPoint","urlTemplate":"https:\/\/spaceeconomycongress.org\/?s={search_term_string}"},"query-input":{"@type":"PropertyValueSpecification","valueRequired":true,"valueName":"search_term_string"}}],"inLanguage":"es"},{"@type":"Organization","@id":"https:\/\/spaceeconomycongress.org\/#organization","name":"New Space Congress 2022","url":"https:\/\/spaceeconomycongress.org\/","logo":{"@type":"ImageObject","inLanguage":"es","@id":"https:\/\/spaceeconomycongress.org\/#\/schema\/logo\/image\/","url":"https:\/\/spaceeconomycongress.org\/wp-content\/uploads\/2026\/01\/SPACE_ECONOMY_2026_web.png","contentUrl":"https:\/\/spaceeconomycongress.org\/wp-content\/uploads\/2026\/01\/SPACE_ECONOMY_2026_web.png","width":1000,"height":262,"caption":"New Space Congress 2022"},"image":{"@id":"https:\/\/spaceeconomycongress.org\/#\/schema\/logo\/image\/"}}]}},"_links":{"self":[{"href":"https:\/\/spaceeconomycongress.org\/es\/wp-json\/wp\/v2\/pages\/8943","targetHints":{"allow":["GET"]}}],"collection":[{"href":"https:\/\/spaceeconomycongress.org\/es\/wp-json\/wp\/v2\/pages"}],"about":[{"href":"https:\/\/spaceeconomycongress.org\/es\/wp-json\/wp\/v2\/types\/page"}],"author":[{"embeddable":true,"href":"https:\/\/spaceeconomycongress.org\/es\/wp-json\/wp\/v2\/users\/2"}],"replies":[{"embeddable":true,"href":"https:\/\/spaceeconomycongress.org\/es\/wp-json\/wp\/v2\/comments?post=8943"}],"version-history":[{"count":30,"href":"https:\/\/spaceeconomycongress.org\/es\/wp-json\/wp\/v2\/pages\/8943\/revisions"}],"predecessor-version":[{"id":10941,"href":"https:\/\/spaceeconomycongress.org\/es\/wp-json\/wp\/v2\/pages\/8943\/revisions\/10941"}],"wp:featuredmedia":[{"embeddable":true,"href":"https:\/\/spaceeconomycongress.org\/es\/wp-json\/wp\/v2\/media\/10987"}],"wp:attachment":[{"href":"https:\/\/spaceeconomycongress.org\/es\/wp-json\/wp\/v2\/media?parent=8943"}],"curies":[{"name":"wp","href":"https:\/\/api.w.org\/{rel}","templated":true}]}}