{"id":8968,"date":"2025-03-18T22:52:05","date_gmt":"2025-03-18T20:52:05","guid":{"rendered":"https:\/\/www.newspacecongress.cat\/?page_id=8968"},"modified":"2025-07-03T06:05:13","modified_gmt":"2025-07-03T04:05:13","slug":"programa-2025","status":"publish","type":"page","link":"https:\/\/spaceeconomycongress.org\/es\/programa-2025\/","title":{"rendered":"Programa 2025"},"content":{"rendered":"[vc_row el_class=\u00bbbox-program\u00bb][vc_column width=\u00bb2\/3&#8243;][vc_column_text]\n<h2><strong>3 de julio<\/strong>\u00a0del 2025<\/h2>\n[\/vc_column_text][vc_column_text]\n<p class=\"pseparador\">TECH MORNING<\/p>\n[\/vc_column_text][vc_column_text]\n<p class=\"pseparador2\"><strong>Sal\u00f3 de C\u00f2nsols &#8211; Planta 2<\/strong><\/p>\n[\/vc_column_text]<div class=\"vcex-module vcex-toggle vcex-toggle--active\" data-animate=\"true\" data-duration=\"300\"><div class=\"vcex-toggle__heading\"><a href=\"#vcex_69f2636b5e30b\" class=\"vcex-toggle__trigger wpex-flex wpex-items-center wpex-transition-colors wpex-duration-200\" style=\"color:#2b2b2b;\" aria-expanded=\"true\" aria-controls=\"vcex_69f2636b5e30b\"><div class=\"vcex-toggle__icon wpex-mr-10\" aria-hidden=\"true\" style=\"color:#ffa100;\"><div class=\"vcex-toggle__icon-open wpex-flex wpex-flex-col wpex-items-center\"><svg xmlns=\"http:\/\/www.w3.org\/2000\/svg\" height=\"1.5em\" viewBox=\"0 0 24 24\" width=\"1.5em\" fill=\"currentColor\" class=\"vcex-toggle__icon-open\"><path d=\"M0 0h24v24H0V0z\" fill=\"none\"\/><path d=\"M19 13h-6v6h-2v-6H5v-2h6V5h2v6h6v2z\"\/><\/svg><\/div><div class=\"vcex-toggle__icon-close wpex-flex wpex-flex-col wpex-items-center\"><svg xmlns=\"http:\/\/www.w3.org\/2000\/svg\" height=\"1.5em\" viewBox=\"0 0 24 24\" width=\"1.5em\" fill=\"currentColor\" class=\"vcex-toggle__icon-close\"><path d=\"M0 0h24v24H0V0z\" fill=\"none\"\/><path d=\"M19 13H5v-2h14v2z\"\/><\/svg><\/div><\/div><div class=\"vcex-toggle__title\"><strong>09.15h<\/strong> - Bienvenida<\/div><\/a><\/div><div id=\"vcex_69f2636b5e30b\" class=\"vcex-toggle__content wpex-last-mb-0 wpex-my-10 wpex-clr\"><ul>\n<li><strong>Alba Badia, <\/strong>Presidenta en Cosmic Research<\/li>\n<li><strong>Cl\u00e0udia Soriano, <\/strong>Investigadora en Astrof\u00edsica en ICE-CSIC<\/li>\n<\/ul>\n<\/div><\/div><div class=\"vcex-module vcex-toggle vcex-toggle--active\" data-animate=\"true\" data-duration=\"300\"><div class=\"vcex-toggle__heading\"><a href=\"#vcex_69f2636b5f024\" class=\"vcex-toggle__trigger wpex-flex wpex-items-center wpex-transition-colors wpex-duration-200\" style=\"color:#2b2b2b;\" aria-expanded=\"true\" aria-controls=\"vcex_69f2636b5f024\"><div class=\"vcex-toggle__icon wpex-mr-10\" aria-hidden=\"true\" style=\"color:#ffa100;\"><div class=\"vcex-toggle__icon-open wpex-flex wpex-flex-col wpex-items-center\"><svg xmlns=\"http:\/\/www.w3.org\/2000\/svg\" height=\"1.5em\" viewBox=\"0 0 24 24\" width=\"1.5em\" fill=\"currentColor\" class=\"vcex-toggle__icon-open\"><path d=\"M0 0h24v24H0V0z\" fill=\"none\"\/><path d=\"M19 13h-6v6h-2v-6H5v-2h6V5h2v6h6v2z\"\/><\/svg><\/div><div class=\"vcex-toggle__icon-close wpex-flex wpex-flex-col wpex-items-center\"><svg xmlns=\"http:\/\/www.w3.org\/2000\/svg\" height=\"1.5em\" viewBox=\"0 0 24 24\" width=\"1.5em\" fill=\"currentColor\" class=\"vcex-toggle__icon-close\"><path d=\"M0 0h24v24H0V0z\" fill=\"none\"\/><path d=\"M19 13H5v-2h14v2z\"\/><\/svg><\/div><\/div><div class=\"vcex-toggle__title\"><strong>09.30h<\/strong> - Bienvenida Institucional<\/div><\/a><\/div><div id=\"vcex_69f2636b5f024\" class=\"vcex-toggle__content wpex-last-mb-0 wpex-my-10 wpex-clr\"><ul>\n<li><strong>Eloi Planes, <\/strong>Vicepresidente Primero de la C\u00e1mara de Comercio de Barcelona<\/li>\n<li><strong>Jalil Benabdillah,<\/strong> Vicepresidente de Econom\u00eda, Empleo, Innovaci\u00f3n y Reindustrializaci\u00f3n de la Regi\u00f3n de Occitania<\/li>\n<li><strong><span data-sheets-root=\"1\">Sandra Ruiz<\/span>,<\/strong> <span data-sheets-root=\"1\">Directora General de Econom\u00eda y Sociedad Digitales del Gobierno de Catalu\u00f1a<\/span><\/li>\n<\/ul>\n<\/div><\/div><div class=\"vcex-module vcex-toggle\" data-animate=\"true\" data-duration=\"300\"><div class=\"vcex-toggle__heading\"><a href=\"#vcex_69f2636b5f296\" class=\"vcex-toggle__trigger wpex-flex wpex-items-center wpex-transition-colors wpex-duration-200\" style=\"color:#2b2b2b;\" aria-expanded=\"false\" aria-controls=\"vcex_69f2636b5f296\"><div class=\"vcex-toggle__icon wpex-mr-10\" aria-hidden=\"true\" style=\"color:#ffa100;\"><div class=\"vcex-toggle__icon-open wpex-flex wpex-flex-col wpex-items-center\"><svg xmlns=\"http:\/\/www.w3.org\/2000\/svg\" height=\"1.5em\" viewBox=\"0 0 24 24\" width=\"1.5em\" fill=\"currentColor\" class=\"vcex-toggle__icon-open\"><path d=\"M0 0h24v24H0V0z\" fill=\"none\"\/><path d=\"M19 13h-6v6h-2v-6H5v-2h6V5h2v6h6v2z\"\/><\/svg><\/div><div class=\"vcex-toggle__icon-close wpex-flex wpex-flex-col wpex-items-center\"><svg xmlns=\"http:\/\/www.w3.org\/2000\/svg\" height=\"1.5em\" viewBox=\"0 0 24 24\" width=\"1.5em\" fill=\"currentColor\" class=\"vcex-toggle__icon-close\"><path d=\"M0 0h24v24H0V0z\" fill=\"none\"\/><path d=\"M19 13H5v-2h14v2z\"\/><\/svg><\/div><\/div><div class=\"vcex-toggle__title\"><strong>10.00h<\/strong> - La Nueva Visi\u00f3n de la UE para la Econom\u00eda Espacial Europea<\/div><\/a><\/div><div id=\"vcex_69f2636b5f296\" class=\"vcex-toggle__content wpex-last-mb-0 wpex-my-10 wpex-clr\"><ul>\n<li><strong><span data-sheets-root=\"1\">Giancarlo Granero<\/span>,<\/strong> <span data-sheets-root=\"1\">Director de la Unidad de Econom\u00eda Espacial de la Comisi\u00f3n Europea<\/span><\/li>\n<\/ul>\n<\/div><\/div><div class=\"vcex-module vcex-toggle\" data-animate=\"true\" data-duration=\"300\"><div class=\"vcex-toggle__heading\"><a href=\"#vcex_69f2636b5f425\" class=\"vcex-toggle__trigger wpex-flex wpex-items-center wpex-transition-colors wpex-duration-200\" style=\"color:#2b2b2b;\" aria-expanded=\"false\" aria-controls=\"vcex_69f2636b5f425\"><div class=\"vcex-toggle__icon wpex-mr-10\" aria-hidden=\"true\" style=\"color:#ffa100;\"><div class=\"vcex-toggle__icon-open wpex-flex wpex-flex-col wpex-items-center\"><svg xmlns=\"http:\/\/www.w3.org\/2000\/svg\" height=\"1.5em\" viewBox=\"0 0 24 24\" width=\"1.5em\" fill=\"currentColor\" class=\"vcex-toggle__icon-open\"><path d=\"M0 0h24v24H0V0z\" fill=\"none\"\/><path d=\"M19 13h-6v6h-2v-6H5v-2h6V5h2v6h6v2z\"\/><\/svg><\/div><div class=\"vcex-toggle__icon-close wpex-flex wpex-flex-col wpex-items-center\"><svg xmlns=\"http:\/\/www.w3.org\/2000\/svg\" height=\"1.5em\" viewBox=\"0 0 24 24\" width=\"1.5em\" fill=\"currentColor\" class=\"vcex-toggle__icon-close\"><path d=\"M0 0h24v24H0V0z\" fill=\"none\"\/><path d=\"M19 13H5v-2h14v2z\"\/><\/svg><\/div><\/div><div class=\"vcex-toggle__title\"><strong>10.15h<\/strong> - Nuevos Actores en el Espacio: Sus Contribuciones y Responsabilidades<\/div><\/a><\/div><div id=\"vcex_69f2636b5f425\" class=\"vcex-toggle__content wpex-last-mb-0 wpex-my-10 wpex-clr\"><ul>\n<li><strong>Juan Carlos Cort\u00e9s,<\/strong> Director de la Agencia Espacial Espa\u00f1ola (AEE)<\/li>\n<li><em>Moderado por: <strong>Josep Colom\u00e9,<\/strong> Director del \u00c1rea de Promoci\u00f3n del Sector Espacial de Catalunya del Instituto de Estudios Espaciales de Catalu\u00f1a (IEEC)<\/em><\/li>\n<\/ul>\n<\/div><\/div><div class=\"vcex-module vcex-toggle\" data-animate=\"true\" data-duration=\"300\"><div class=\"vcex-toggle__heading\"><a href=\"#vcex_69f2636b5f589\" class=\"vcex-toggle__trigger wpex-flex wpex-items-center wpex-transition-colors wpex-duration-200\" style=\"color:#2b2b2b;\" aria-expanded=\"false\" aria-controls=\"vcex_69f2636b5f589\"><div class=\"vcex-toggle__icon wpex-mr-10\" aria-hidden=\"true\" style=\"color:#ffa100;\"><div class=\"vcex-toggle__icon-open wpex-flex wpex-flex-col wpex-items-center\"><svg xmlns=\"http:\/\/www.w3.org\/2000\/svg\" height=\"1.5em\" viewBox=\"0 0 24 24\" width=\"1.5em\" fill=\"currentColor\" class=\"vcex-toggle__icon-open\"><path d=\"M0 0h24v24H0V0z\" fill=\"none\"\/><path d=\"M19 13h-6v6h-2v-6H5v-2h6V5h2v6h6v2z\"\/><\/svg><\/div><div class=\"vcex-toggle__icon-close wpex-flex wpex-flex-col wpex-items-center\"><svg xmlns=\"http:\/\/www.w3.org\/2000\/svg\" height=\"1.5em\" viewBox=\"0 0 24 24\" width=\"1.5em\" fill=\"currentColor\" class=\"vcex-toggle__icon-close\"><path d=\"M0 0h24v24H0V0z\" fill=\"none\"\/><path d=\"M19 13H5v-2h14v2z\"\/><\/svg><\/div><\/div><div class=\"vcex-toggle__title\"><strong>10.45h<\/strong> - Caf\u00e9 Networking<\/div><\/a><\/div><div id=\"vcex_69f2636b5f589\" class=\"vcex-toggle__content wpex-last-mb-0 wpex-my-10 wpex-clr\"><p><em>Break<\/em><\/p>\n<\/div><\/div><div class=\"vcex-module vcex-toggle\" data-animate=\"true\" data-duration=\"300\"><div class=\"vcex-toggle__heading\"><a href=\"#vcex_69f2636b5f6bb\" class=\"vcex-toggle__trigger wpex-flex wpex-items-center wpex-transition-colors wpex-duration-200\" style=\"color:#2b2b2b;\" aria-expanded=\"false\" aria-controls=\"vcex_69f2636b5f6bb\"><div class=\"vcex-toggle__icon wpex-mr-10\" aria-hidden=\"true\" style=\"color:#ffa100;\"><div class=\"vcex-toggle__icon-open wpex-flex wpex-flex-col wpex-items-center\"><svg xmlns=\"http:\/\/www.w3.org\/2000\/svg\" height=\"1.5em\" viewBox=\"0 0 24 24\" width=\"1.5em\" fill=\"currentColor\" class=\"vcex-toggle__icon-open\"><path d=\"M0 0h24v24H0V0z\" fill=\"none\"\/><path d=\"M19 13h-6v6h-2v-6H5v-2h6V5h2v6h6v2z\"\/><\/svg><\/div><div class=\"vcex-toggle__icon-close wpex-flex wpex-flex-col wpex-items-center\"><svg xmlns=\"http:\/\/www.w3.org\/2000\/svg\" height=\"1.5em\" viewBox=\"0 0 24 24\" width=\"1.5em\" fill=\"currentColor\" class=\"vcex-toggle__icon-close\"><path d=\"M0 0h24v24H0V0z\" fill=\"none\"\/><path d=\"M19 13H5v-2h14v2z\"\/><\/svg><\/div><\/div><div class=\"vcex-toggle__title\"><strong>11.15h<\/strong> - Constelaciones de Inteligencia: La Infraestructura Espacial como la Pr\u00f3xima Frontera Digital<\/div><\/a><\/div><div id=\"vcex_69f2636b5f6bb\" class=\"vcex-toggle__content wpex-last-mb-0 wpex-my-10 wpex-clr\"><ul>\n<li><strong>Rika Nakazawa,<\/strong> Jefa de Innovaci\u00f3n Comercial en NTT Data<\/li>\n<\/ul>\n<\/div><\/div><div class=\"vcex-module vcex-toggle\" data-animate=\"true\" data-duration=\"300\"><div class=\"vcex-toggle__heading\"><a href=\"#vcex_69f2636b5f7fa\" class=\"vcex-toggle__trigger wpex-flex wpex-items-center wpex-transition-colors wpex-duration-200\" style=\"color:#2b2b2b;\" aria-expanded=\"false\" aria-controls=\"vcex_69f2636b5f7fa\"><div class=\"vcex-toggle__icon wpex-mr-10\" aria-hidden=\"true\" style=\"color:#ffa100;\"><div class=\"vcex-toggle__icon-open wpex-flex wpex-flex-col wpex-items-center\"><svg xmlns=\"http:\/\/www.w3.org\/2000\/svg\" height=\"1.5em\" viewBox=\"0 0 24 24\" width=\"1.5em\" fill=\"currentColor\" class=\"vcex-toggle__icon-open\"><path d=\"M0 0h24v24H0V0z\" fill=\"none\"\/><path d=\"M19 13h-6v6h-2v-6H5v-2h6V5h2v6h6v2z\"\/><\/svg><\/div><div class=\"vcex-toggle__icon-close wpex-flex wpex-flex-col wpex-items-center\"><svg xmlns=\"http:\/\/www.w3.org\/2000\/svg\" height=\"1.5em\" viewBox=\"0 0 24 24\" width=\"1.5em\" fill=\"currentColor\" class=\"vcex-toggle__icon-close\"><path d=\"M0 0h24v24H0V0z\" fill=\"none\"\/><path d=\"M19 13H5v-2h14v2z\"\/><\/svg><\/div><\/div><div class=\"vcex-toggle__title\"><strong>11.45h<\/strong> - Estrategia ESA 2040: Definiendo el papel de Europa en el futuro del espacio<\/div><\/a><\/div><div id=\"vcex_69f2636b5f7fa\" class=\"vcex-toggle__content wpex-last-mb-0 wpex-my-10 wpex-clr\"><ul>\n<li><strong>Heriberto Saldivar,<\/strong> Jefe de Estrategia en la Agencia Espacial Europea (ESA)<\/li>\n<\/ul>\n<\/div><\/div><div class=\"vcex-module vcex-toggle\" data-animate=\"true\" data-duration=\"300\"><div class=\"vcex-toggle__heading\"><a href=\"#vcex_69f2636b5f940\" class=\"vcex-toggle__trigger wpex-flex wpex-items-center wpex-transition-colors wpex-duration-200\" style=\"color:#2b2b2b;\" aria-expanded=\"false\" aria-controls=\"vcex_69f2636b5f940\"><div class=\"vcex-toggle__icon wpex-mr-10\" aria-hidden=\"true\" style=\"color:#ffa100;\"><div class=\"vcex-toggle__icon-open wpex-flex wpex-flex-col wpex-items-center\"><svg xmlns=\"http:\/\/www.w3.org\/2000\/svg\" height=\"1.5em\" viewBox=\"0 0 24 24\" width=\"1.5em\" fill=\"currentColor\" class=\"vcex-toggle__icon-open\"><path d=\"M0 0h24v24H0V0z\" fill=\"none\"\/><path d=\"M19 13h-6v6h-2v-6H5v-2h6V5h2v6h6v2z\"\/><\/svg><\/div><div class=\"vcex-toggle__icon-close wpex-flex wpex-flex-col wpex-items-center\"><svg xmlns=\"http:\/\/www.w3.org\/2000\/svg\" height=\"1.5em\" viewBox=\"0 0 24 24\" width=\"1.5em\" fill=\"currentColor\" class=\"vcex-toggle__icon-close\"><path d=\"M0 0h24v24H0V0z\" fill=\"none\"\/><path d=\"M19 13H5v-2h14v2z\"\/><\/svg><\/div><\/div><div class=\"vcex-toggle__title\"><strong>12.00h<\/strong> - Comunicaciones seguras: desbloqueando oportunidades econ\u00f3micas en el espacio<\/div><\/a><\/div><div id=\"vcex_69f2636b5f940\" class=\"vcex-toggle__content wpex-last-mb-0 wpex-my-10 wpex-clr\"><ul>\n<li><strong><span data-sheets-root=\"1\">Xavier Lobao<\/span>,<\/strong> <span data-sheets-root=\"1\">Jefe de la Divisi\u00f3n de Programas de Telecomunicaciones del Futuro en la Agencia Espacial Europea (ESA)<\/span><\/li>\n<\/ul>\n<\/div><\/div><div class=\"vcex-module vcex-toggle\" data-animate=\"true\" data-duration=\"300\"><div class=\"vcex-toggle__heading\"><a href=\"#vcex_69f2636b5faa3\" class=\"vcex-toggle__trigger wpex-flex wpex-items-center wpex-transition-colors wpex-duration-200\" style=\"color:#2b2b2b;\" aria-expanded=\"false\" aria-controls=\"vcex_69f2636b5faa3\"><div class=\"vcex-toggle__icon wpex-mr-10\" aria-hidden=\"true\" style=\"color:#ffa100;\"><div class=\"vcex-toggle__icon-open wpex-flex wpex-flex-col wpex-items-center\"><svg xmlns=\"http:\/\/www.w3.org\/2000\/svg\" height=\"1.5em\" viewBox=\"0 0 24 24\" width=\"1.5em\" fill=\"currentColor\" class=\"vcex-toggle__icon-open\"><path d=\"M0 0h24v24H0V0z\" fill=\"none\"\/><path d=\"M19 13h-6v6h-2v-6H5v-2h6V5h2v6h6v2z\"\/><\/svg><\/div><div class=\"vcex-toggle__icon-close wpex-flex wpex-flex-col wpex-items-center\"><svg xmlns=\"http:\/\/www.w3.org\/2000\/svg\" height=\"1.5em\" viewBox=\"0 0 24 24\" width=\"1.5em\" fill=\"currentColor\" class=\"vcex-toggle__icon-close\"><path d=\"M0 0h24v24H0V0z\" fill=\"none\"\/><path d=\"M19 13H5v-2h14v2z\"\/><\/svg><\/div><\/div><div class=\"vcex-toggle__title\"><strong>12.15h<\/strong> - Desbloqueando el potencial D2D: conectividad sin barreras<\/div><\/a><\/div><div id=\"vcex_69f2636b5faa3\" class=\"vcex-toggle__content wpex-last-mb-0 wpex-my-10 wpex-clr\"><ul>\n<li><span data-sheets-root=\"1\"><strong>Gilles Lebiez,<\/strong> Director Ejecutivo de Aeroespacial y Defensa, Desarrollo de Negocio en EMEA en Ansys<\/span><\/li>\n<li><strong>Sandra Mingot,<\/strong> Responsable de Programas Espaciales de la UE y Defensa en Sener<\/li>\n<li><strong>Jaume Sanpera,<\/strong> Cofundador y CEO en Sateliot<\/li>\n<li><em>Moderado por: <strong>Cl\u00e0udia Mateo,<\/strong> <span data-sheets-root=\"1\">Responsable de Negocio de Innovaci\u00f3n Espacial en i2CAT<\/span><\/em><\/li>\n<\/ul>\n<\/div><\/div><div class=\"vcex-module vcex-toggle\" data-animate=\"true\" data-duration=\"300\"><div class=\"vcex-toggle__heading\"><a href=\"#vcex_69f2636b5fc3c\" class=\"vcex-toggle__trigger wpex-flex wpex-items-center wpex-transition-colors wpex-duration-200\" style=\"color:#2b2b2b;\" aria-expanded=\"false\" aria-controls=\"vcex_69f2636b5fc3c\"><div class=\"vcex-toggle__icon wpex-mr-10\" aria-hidden=\"true\" style=\"color:#ffa100;\"><div class=\"vcex-toggle__icon-open wpex-flex wpex-flex-col wpex-items-center\"><svg xmlns=\"http:\/\/www.w3.org\/2000\/svg\" height=\"1.5em\" viewBox=\"0 0 24 24\" width=\"1.5em\" fill=\"currentColor\" class=\"vcex-toggle__icon-open\"><path d=\"M0 0h24v24H0V0z\" fill=\"none\"\/><path d=\"M19 13h-6v6h-2v-6H5v-2h6V5h2v6h6v2z\"\/><\/svg><\/div><div class=\"vcex-toggle__icon-close wpex-flex wpex-flex-col wpex-items-center\"><svg xmlns=\"http:\/\/www.w3.org\/2000\/svg\" height=\"1.5em\" viewBox=\"0 0 24 24\" width=\"1.5em\" fill=\"currentColor\" class=\"vcex-toggle__icon-close\"><path d=\"M0 0h24v24H0V0z\" fill=\"none\"\/><path d=\"M19 13H5v-2h14v2z\"\/><\/svg><\/div><\/div><div class=\"vcex-toggle__title\"><strong>13.00h<\/strong> - Cierre: Tech Morning<\/div><\/a><\/div><div id=\"vcex_69f2636b5fc3c\" class=\"vcex-toggle__content wpex-last-mb-0 wpex-my-10 wpex-clr\"><p>Cierre<\/p>\n<\/div><\/div><div class=\"vcex-module vcex-toggle\" data-animate=\"true\" data-duration=\"300\"><div class=\"vcex-toggle__heading\"><a href=\"#vcex_69f2636b5fd75\" class=\"vcex-toggle__trigger wpex-flex wpex-items-center wpex-transition-colors wpex-duration-200\" style=\"color:#2b2b2b;\" aria-expanded=\"false\" aria-controls=\"vcex_69f2636b5fd75\"><div class=\"vcex-toggle__icon wpex-mr-10\" aria-hidden=\"true\" style=\"color:#ffa100;\"><div class=\"vcex-toggle__icon-open wpex-flex wpex-flex-col wpex-items-center\"><svg xmlns=\"http:\/\/www.w3.org\/2000\/svg\" height=\"1.5em\" viewBox=\"0 0 24 24\" width=\"1.5em\" fill=\"currentColor\" class=\"vcex-toggle__icon-open\"><path d=\"M0 0h24v24H0V0z\" fill=\"none\"\/><path d=\"M19 13h-6v6h-2v-6H5v-2h6V5h2v6h6v2z\"\/><\/svg><\/div><div class=\"vcex-toggle__icon-close wpex-flex wpex-flex-col wpex-items-center\"><svg xmlns=\"http:\/\/www.w3.org\/2000\/svg\" height=\"1.5em\" viewBox=\"0 0 24 24\" width=\"1.5em\" fill=\"currentColor\" class=\"vcex-toggle__icon-close\"><path d=\"M0 0h24v24H0V0z\" fill=\"none\"\/><path d=\"M19 13H5v-2h14v2z\"\/><\/svg><\/div><\/div><div class=\"vcex-toggle__title\"><strong>13.00h<\/strong> - Comida (con invitaci\u00f3n)<\/div><\/a><\/div><div id=\"vcex_69f2636b5fd75\" class=\"vcex-toggle__content wpex-last-mb-0 wpex-my-10 wpex-clr\"><p>Break<\/p>\n<\/div><\/div>[vc_column_text]\n<p class=\"pseparador\">BUSINESS AFTERNOON<\/p>\n[\/vc_column_text]<div class=\"vcex-module vcex-toggle\" data-animate=\"true\" data-duration=\"300\"><div class=\"vcex-toggle__heading\"><a href=\"#vcex_69f2636b5fe92\" class=\"vcex-toggle__trigger wpex-flex wpex-items-center wpex-transition-colors wpex-duration-200\" style=\"color:#2b2b2b;\" aria-expanded=\"false\" aria-controls=\"vcex_69f2636b5fe92\"><div class=\"vcex-toggle__icon wpex-mr-10\" aria-hidden=\"true\" style=\"color:#ffa100;\"><div class=\"vcex-toggle__icon-open wpex-flex wpex-flex-col wpex-items-center\"><svg xmlns=\"http:\/\/www.w3.org\/2000\/svg\" height=\"1.5em\" viewBox=\"0 0 24 24\" width=\"1.5em\" fill=\"currentColor\" class=\"vcex-toggle__icon-open\"><path d=\"M0 0h24v24H0V0z\" fill=\"none\"\/><path d=\"M19 13h-6v6h-2v-6H5v-2h6V5h2v6h6v2z\"\/><\/svg><\/div><div class=\"vcex-toggle__icon-close wpex-flex wpex-flex-col wpex-items-center\"><svg xmlns=\"http:\/\/www.w3.org\/2000\/svg\" height=\"1.5em\" viewBox=\"0 0 24 24\" width=\"1.5em\" fill=\"currentColor\" class=\"vcex-toggle__icon-close\"><path d=\"M0 0h24v24H0V0z\" fill=\"none\"\/><path d=\"M19 13H5v-2h14v2z\"\/><\/svg><\/div><\/div><div class=\"vcex-toggle__title\"><strong>15.00h<\/strong> - Uniendo \u00d3rbitas: Perspectivas sobre las Ecosistemas Espaciales de Asia, Europa y Am\u00e9rica<\/div><\/a><\/div><div id=\"vcex_69f2636b5fe92\" class=\"vcex-toggle__content wpex-last-mb-0 wpex-my-10 wpex-clr\"><ul>\n<li><strong>Rafel Jord\u00e0,<\/strong> Fundador y CEO en Open Cosmos<\/li>\n<li><span data-sheets-root=\"1\"><strong>Xavier Llair\u00f3,<\/strong> CCO de Pangea Aerospace<\/span><\/li>\n<li><strong>Stephen McCall,<\/strong> <span data-olk-copy-source=\"MessageBody\">Partner en Cislunar International <\/span><\/li>\n<li><strong>Yui Nakama,<\/strong> Analista de Espacio en Green Carbon Inc.<\/li>\n<li><em>Moderado por:<strong> Jermaine Gutierrez,<\/strong> Investigador en el Instituto Europeo de Pol\u00edtica Espacial (ESPI)<\/em><\/li>\n<\/ul>\n<\/div><\/div>[vc_column_text]\n<p class=\"pseparador2\"><strong>SIDE EVENTS &#8211; WORKSHOPS<\/strong><\/p>\n[\/vc_column_text][vc_column_text]\n<p class=\"pseparador2\"><strong>SPACE WORKSHOPS 1 (Sal\u00f3 de Nept\u00fa &#8211; Planta 0)<\/strong><\/p>\n[\/vc_column_text]<div class=\"vcex-module vcex-toggle\" data-animate=\"true\" data-duration=\"300\"><div class=\"vcex-toggle__heading\"><a href=\"#vcex_69f2636b60033\" class=\"vcex-toggle__trigger wpex-flex wpex-items-center wpex-transition-colors wpex-duration-200\" style=\"color:#2b2b2b;\" aria-expanded=\"false\" aria-controls=\"vcex_69f2636b60033\"><div class=\"vcex-toggle__icon wpex-mr-10\" aria-hidden=\"true\" style=\"color:#ffa100;\"><div class=\"vcex-toggle__icon-open wpex-flex wpex-flex-col wpex-items-center\"><svg xmlns=\"http:\/\/www.w3.org\/2000\/svg\" height=\"1.5em\" viewBox=\"0 0 24 24\" width=\"1.5em\" fill=\"currentColor\" class=\"vcex-toggle__icon-open\"><path d=\"M0 0h24v24H0V0z\" fill=\"none\"\/><path d=\"M19 13h-6v6h-2v-6H5v-2h6V5h2v6h6v2z\"\/><\/svg><\/div><div class=\"vcex-toggle__icon-close wpex-flex wpex-flex-col wpex-items-center\"><svg xmlns=\"http:\/\/www.w3.org\/2000\/svg\" height=\"1.5em\" viewBox=\"0 0 24 24\" width=\"1.5em\" fill=\"currentColor\" class=\"vcex-toggle__icon-close\"><path d=\"M0 0h24v24H0V0z\" fill=\"none\"\/><path d=\"M19 13H5v-2h14v2z\"\/><\/svg><\/div><\/div><div class=\"vcex-toggle__title\"><strong>15.30h<\/strong> - Cerrando la brecha de habilidades: La futura fuerza laboral de la econom\u00eda espacial<\/div><\/a><\/div><div id=\"vcex_69f2636b60033\" class=\"vcex-toggle__content wpex-last-mb-0 wpex-my-10 wpex-clr\"><ul>\n<li><em>Organizador: <strong>Space Skills Alliance<\/strong><\/em><\/li>\n<\/ul>\n<\/div><\/div><div class=\"vcex-module vcex-toggle\" data-animate=\"true\" data-duration=\"300\"><div class=\"vcex-toggle__heading\"><a href=\"#vcex_69f2636b60193\" class=\"vcex-toggle__trigger wpex-flex wpex-items-center wpex-transition-colors wpex-duration-200\" style=\"color:#2b2b2b;\" aria-expanded=\"false\" aria-controls=\"vcex_69f2636b60193\"><div class=\"vcex-toggle__icon wpex-mr-10\" aria-hidden=\"true\" style=\"color:#ffa100;\"><div class=\"vcex-toggle__icon-open wpex-flex wpex-flex-col wpex-items-center\"><svg xmlns=\"http:\/\/www.w3.org\/2000\/svg\" height=\"1.5em\" viewBox=\"0 0 24 24\" width=\"1.5em\" fill=\"currentColor\" class=\"vcex-toggle__icon-open\"><path d=\"M0 0h24v24H0V0z\" fill=\"none\"\/><path d=\"M19 13h-6v6h-2v-6H5v-2h6V5h2v6h6v2z\"\/><\/svg><\/div><div class=\"vcex-toggle__icon-close wpex-flex wpex-flex-col wpex-items-center\"><svg xmlns=\"http:\/\/www.w3.org\/2000\/svg\" height=\"1.5em\" viewBox=\"0 0 24 24\" width=\"1.5em\" fill=\"currentColor\" class=\"vcex-toggle__icon-close\"><path d=\"M0 0h24v24H0V0z\" fill=\"none\"\/><path d=\"M19 13H5v-2h14v2z\"\/><\/svg><\/div><\/div><div class=\"vcex-toggle__title\"><strong>16.10h<\/strong> - Innovar, Competir, Coexistir: El Futuro Del Acceso Europeo Al Espacio<\/div><\/a><\/div><div id=\"vcex_69f2636b60193\" class=\"vcex-toggle__content wpex-last-mb-0 wpex-my-10 wpex-clr\"><ul>\n<li><em>Organizador:<strong> GTD<\/strong><\/em><\/li>\n<\/ul>\n<\/div><\/div><div class=\"vcex-module vcex-toggle\" data-animate=\"true\" data-duration=\"300\"><div class=\"vcex-toggle__heading\"><a href=\"#vcex_69f2636b602e6\" class=\"vcex-toggle__trigger wpex-flex wpex-items-center wpex-transition-colors wpex-duration-200\" style=\"color:#2b2b2b;\" aria-expanded=\"false\" aria-controls=\"vcex_69f2636b602e6\"><div class=\"vcex-toggle__icon wpex-mr-10\" aria-hidden=\"true\" style=\"color:#ffa100;\"><div class=\"vcex-toggle__icon-open wpex-flex wpex-flex-col wpex-items-center\"><svg xmlns=\"http:\/\/www.w3.org\/2000\/svg\" height=\"1.5em\" viewBox=\"0 0 24 24\" width=\"1.5em\" fill=\"currentColor\" class=\"vcex-toggle__icon-open\"><path d=\"M0 0h24v24H0V0z\" fill=\"none\"\/><path d=\"M19 13h-6v6h-2v-6H5v-2h6V5h2v6h6v2z\"\/><\/svg><\/div><div class=\"vcex-toggle__icon-close wpex-flex wpex-flex-col wpex-items-center\"><svg xmlns=\"http:\/\/www.w3.org\/2000\/svg\" height=\"1.5em\" viewBox=\"0 0 24 24\" width=\"1.5em\" fill=\"currentColor\" class=\"vcex-toggle__icon-close\"><path d=\"M0 0h24v24H0V0z\" fill=\"none\"\/><path d=\"M19 13H5v-2h14v2z\"\/><\/svg><\/div><\/div><div class=\"vcex-toggle__title\"><strong>16.50h<\/strong> - Transici\u00f3n Verde: Repensando la sostenibilidad en el sector New Space<\/div><\/a><\/div><div id=\"vcex_69f2636b602e6\" class=\"vcex-toggle__content wpex-last-mb-0 wpex-my-10 wpex-clr\"><ul>\n<li><em>Organizador: <strong>DEKRA<\/strong><\/em><\/li>\n<\/ul>\n<\/div><\/div><div class=\"vcex-module vcex-toggle\" data-animate=\"true\" data-duration=\"300\"><div class=\"vcex-toggle__heading\"><a href=\"#vcex_69f2636b6042d\" class=\"vcex-toggle__trigger wpex-flex wpex-items-center wpex-transition-colors wpex-duration-200\" style=\"color:#2b2b2b;\" aria-expanded=\"false\" aria-controls=\"vcex_69f2636b6042d\"><div class=\"vcex-toggle__icon wpex-mr-10\" aria-hidden=\"true\" style=\"color:#ffa100;\"><div class=\"vcex-toggle__icon-open wpex-flex wpex-flex-col wpex-items-center\"><svg xmlns=\"http:\/\/www.w3.org\/2000\/svg\" height=\"1.5em\" viewBox=\"0 0 24 24\" width=\"1.5em\" fill=\"currentColor\" class=\"vcex-toggle__icon-open\"><path d=\"M0 0h24v24H0V0z\" fill=\"none\"\/><path d=\"M19 13h-6v6h-2v-6H5v-2h6V5h2v6h6v2z\"\/><\/svg><\/div><div class=\"vcex-toggle__icon-close wpex-flex wpex-flex-col wpex-items-center\"><svg xmlns=\"http:\/\/www.w3.org\/2000\/svg\" height=\"1.5em\" viewBox=\"0 0 24 24\" width=\"1.5em\" fill=\"currentColor\" class=\"vcex-toggle__icon-close\"><path d=\"M0 0h24v24H0V0z\" fill=\"none\"\/><path d=\"M19 13H5v-2h14v2z\"\/><\/svg><\/div><\/div><div class=\"vcex-toggle__title\"><strong>17.30h<\/strong> - Comercializaci\u00f3n: Explorando el Potencial de la Transferencia Tecnol\u00f3gica<\/div><\/a><\/div><div id=\"vcex_69f2636b6042d\" class=\"vcex-toggle__content wpex-last-mb-0 wpex-my-10 wpex-clr\"><ul>\n<li><em>Organizador: <strong>Instituto de Estudios Espaciales (IEEC) de Catalu\u00f1a e i2CAT<\/strong><\/em><\/li>\n<\/ul>\n<\/div><\/div>[vc_column_text]\n<p class=\"pseparador2\"><strong>SPACE WORKSHOPS 2 <span data-teams=\"true\">(Sal\u00f3 de Plens &#8211; Planta 1)<\/span><\/strong><\/p>\n[\/vc_column_text]<div class=\"vcex-module vcex-toggle\" data-animate=\"true\" data-duration=\"300\"><div class=\"vcex-toggle__heading\"><a href=\"#vcex_69f2636b60574\" class=\"vcex-toggle__trigger wpex-flex wpex-items-center wpex-transition-colors wpex-duration-200\" style=\"color:#2b2b2b;\" aria-expanded=\"false\" aria-controls=\"vcex_69f2636b60574\"><div class=\"vcex-toggle__icon wpex-mr-10\" aria-hidden=\"true\" style=\"color:#ffa100;\"><div class=\"vcex-toggle__icon-open wpex-flex wpex-flex-col wpex-items-center\"><svg xmlns=\"http:\/\/www.w3.org\/2000\/svg\" height=\"1.5em\" viewBox=\"0 0 24 24\" width=\"1.5em\" fill=\"currentColor\" class=\"vcex-toggle__icon-open\"><path d=\"M0 0h24v24H0V0z\" fill=\"none\"\/><path d=\"M19 13h-6v6h-2v-6H5v-2h6V5h2v6h6v2z\"\/><\/svg><\/div><div class=\"vcex-toggle__icon-close wpex-flex wpex-flex-col wpex-items-center\"><svg xmlns=\"http:\/\/www.w3.org\/2000\/svg\" height=\"1.5em\" viewBox=\"0 0 24 24\" width=\"1.5em\" fill=\"currentColor\" class=\"vcex-toggle__icon-close\"><path d=\"M0 0h24v24H0V0z\" fill=\"none\"\/><path d=\"M19 13H5v-2h14v2z\"\/><\/svg><\/div><\/div><div class=\"vcex-toggle__title\"><strong>15.30h<\/strong> - De Apolo a Artemis: Una conversaci\u00f3n sobre el pasado y el futuro de la exploraci\u00f3n espacial<\/div><\/a><\/div><div id=\"vcex_69f2636b60574\" class=\"vcex-toggle__content wpex-last-mb-0 wpex-my-10 wpex-clr\"><ul>\n<li><em>Invitado especial: <strong>Michael Matonti,<\/strong> Ingeniero de la Misi\u00f3n Apolo<\/em><\/li>\n<li><em>Moderado por: <strong>Armengol Torres,\u00a0<\/strong><span data-sheets-root=\"1\">Cofundador y CTO de SLIMOP Space<\/span><\/em><\/li>\n<li><em>Organizador: <strong>AsturExplorers<\/strong><\/em><\/li>\n<\/ul>\n<\/div><\/div><div class=\"vcex-module vcex-toggle\" data-animate=\"true\" data-duration=\"300\"><div class=\"vcex-toggle__heading\"><a href=\"#vcex_69f2636b606f8\" class=\"vcex-toggle__trigger wpex-flex wpex-items-center wpex-transition-colors wpex-duration-200\" style=\"color:#2b2b2b;\" aria-expanded=\"false\" aria-controls=\"vcex_69f2636b606f8\"><div class=\"vcex-toggle__icon wpex-mr-10\" aria-hidden=\"true\" style=\"color:#ffa100;\"><div class=\"vcex-toggle__icon-open wpex-flex wpex-flex-col wpex-items-center\"><svg xmlns=\"http:\/\/www.w3.org\/2000\/svg\" height=\"1.5em\" viewBox=\"0 0 24 24\" width=\"1.5em\" fill=\"currentColor\" class=\"vcex-toggle__icon-open\"><path d=\"M0 0h24v24H0V0z\" fill=\"none\"\/><path d=\"M19 13h-6v6h-2v-6H5v-2h6V5h2v6h6v2z\"\/><\/svg><\/div><div class=\"vcex-toggle__icon-close wpex-flex wpex-flex-col wpex-items-center\"><svg xmlns=\"http:\/\/www.w3.org\/2000\/svg\" height=\"1.5em\" viewBox=\"0 0 24 24\" width=\"1.5em\" fill=\"currentColor\" class=\"vcex-toggle__icon-close\"><path d=\"M0 0h24v24H0V0z\" fill=\"none\"\/><path d=\"M19 13H5v-2h14v2z\"\/><\/svg><\/div><\/div><div class=\"vcex-toggle__title\"><strong>16.10h<\/strong> - Cooperaci\u00f3n Jur\u00eddica Internacional en la Nueva Econom\u00eda Espacial: Un enfoque pr\u00e1ctico<\/div><\/a><\/div><div id=\"vcex_69f2636b606f8\" class=\"vcex-toggle__content wpex-last-mb-0 wpex-my-10 wpex-clr\"><ul>\n<li><em>Organizador: <strong>Augusta Abogados<\/strong><\/em><\/li>\n<\/ul>\n<\/div><\/div><div class=\"vcex-module vcex-toggle\" data-animate=\"true\" data-duration=\"300\"><div class=\"vcex-toggle__heading\"><a href=\"#vcex_69f2636b6084d\" class=\"vcex-toggle__trigger wpex-flex wpex-items-center wpex-transition-colors wpex-duration-200\" style=\"color:#2b2b2b;\" aria-expanded=\"false\" aria-controls=\"vcex_69f2636b6084d\"><div class=\"vcex-toggle__icon wpex-mr-10\" aria-hidden=\"true\" style=\"color:#ffa100;\"><div class=\"vcex-toggle__icon-open wpex-flex wpex-flex-col wpex-items-center\"><svg xmlns=\"http:\/\/www.w3.org\/2000\/svg\" height=\"1.5em\" viewBox=\"0 0 24 24\" width=\"1.5em\" fill=\"currentColor\" class=\"vcex-toggle__icon-open\"><path d=\"M0 0h24v24H0V0z\" fill=\"none\"\/><path d=\"M19 13h-6v6h-2v-6H5v-2h6V5h2v6h6v2z\"\/><\/svg><\/div><div class=\"vcex-toggle__icon-close wpex-flex wpex-flex-col wpex-items-center\"><svg xmlns=\"http:\/\/www.w3.org\/2000\/svg\" height=\"1.5em\" viewBox=\"0 0 24 24\" width=\"1.5em\" fill=\"currentColor\" class=\"vcex-toggle__icon-close\"><path d=\"M0 0h24v24H0V0z\" fill=\"none\"\/><path d=\"M19 13H5v-2h14v2z\"\/><\/svg><\/div><\/div><div class=\"vcex-toggle__title\"><strong>16.50h<\/strong> - DEMO - Avanzando en el Espacio y la Seguridad: Soluciones Innovadoras para la Respuesta a Emergenciasz<\/div><\/a><\/div><div id=\"vcex_69f2636b6084d\" class=\"vcex-toggle__content wpex-last-mb-0 wpex-my-10 wpex-clr\"><ul>\n<li><em>Organizador: <strong>Instituto de Estudios Espaciales de Catalu\u00f1a (IEEC) e Instituto Cartogr\u00e1fico y Geol\u00f3gico de Catalu\u00f1a (ICGC)<\/strong><\/em><\/li>\n<\/ul>\n<\/div><\/div>[vc_column_text]\n<p class=\"pseparador2\"><strong>MEET THE ECOSYSTEM: PITCH STAGE <span data-teams=\"true\">(Sal\u00f3 de C\u00f2nsols &#8211; Planta 2)<\/span><\/strong><\/p>\n[\/vc_column_text]<div class=\"vcex-module vcex-toggle\" data-animate=\"true\" data-duration=\"300\"><div class=\"vcex-toggle__heading\"><a href=\"#vcex_69f2636b60999\" class=\"vcex-toggle__trigger wpex-flex wpex-items-center wpex-transition-colors wpex-duration-200\" style=\"color:#2b2b2b;\" aria-expanded=\"false\" aria-controls=\"vcex_69f2636b60999\"><div class=\"vcex-toggle__icon wpex-mr-10\" aria-hidden=\"true\" style=\"color:#ffa100;\"><div class=\"vcex-toggle__icon-open wpex-flex wpex-flex-col wpex-items-center\"><svg xmlns=\"http:\/\/www.w3.org\/2000\/svg\" height=\"1.5em\" viewBox=\"0 0 24 24\" width=\"1.5em\" fill=\"currentColor\" class=\"vcex-toggle__icon-open\"><path d=\"M0 0h24v24H0V0z\" fill=\"none\"\/><path d=\"M19 13h-6v6h-2v-6H5v-2h6V5h2v6h6v2z\"\/><\/svg><\/div><div class=\"vcex-toggle__icon-close wpex-flex wpex-flex-col wpex-items-center\"><svg xmlns=\"http:\/\/www.w3.org\/2000\/svg\" height=\"1.5em\" viewBox=\"0 0 24 24\" width=\"1.5em\" fill=\"currentColor\" class=\"vcex-toggle__icon-close\"><path d=\"M0 0h24v24H0V0z\" fill=\"none\"\/><path d=\"M19 13H5v-2h14v2z\"\/><\/svg><\/div><\/div><div class=\"vcex-toggle__title\"><strong>15.45h<\/strong> - Construyendo el Ecosistema Espacial: Cooperaci\u00f3n y Alianzas<\/div><\/a><\/div><div id=\"vcex_69f2636b60999\" class=\"vcex-toggle__content wpex-last-mb-0 wpex-my-10 wpex-clr\"><ul>\n<li><em>15.45:<\/em> <strong>Roser Roca,<\/strong> <span data-sheets-root=\"1\">Directora General y CEO de Airbus GeoTech<\/span><\/li>\n<li><em>15.55:<\/em><b> M\u00f2nica Azem\u00e0, <\/b>Desarrollo de Negocio Espacial en Compoxi<\/li>\n<li><em>16.05: <\/em><strong>Jaime Fern\u00e1ndez<\/strong><strong>,<\/strong> Partner en Augusta Abogados<\/li>\n<li><em>16.15: <\/em><strong>Ana Bugarin<\/strong><strong>,<\/strong> <span data-sheets-root=\"1\">Consultora de Sostenibilidad en DEKRA<\/span><\/li>\n<\/ul>\n<\/div><\/div><div class=\"vcex-module vcex-toggle\" data-animate=\"true\" data-duration=\"300\"><div class=\"vcex-toggle__heading\"><a href=\"#vcex_69f2636b60b4e\" class=\"vcex-toggle__trigger wpex-flex wpex-items-center wpex-transition-colors wpex-duration-200\" style=\"color:#2b2b2b;\" aria-expanded=\"false\" aria-controls=\"vcex_69f2636b60b4e\"><div class=\"vcex-toggle__icon wpex-mr-10\" aria-hidden=\"true\" style=\"color:#ffa100;\"><div class=\"vcex-toggle__icon-open wpex-flex wpex-flex-col wpex-items-center\"><svg xmlns=\"http:\/\/www.w3.org\/2000\/svg\" height=\"1.5em\" viewBox=\"0 0 24 24\" width=\"1.5em\" fill=\"currentColor\" class=\"vcex-toggle__icon-open\"><path d=\"M0 0h24v24H0V0z\" fill=\"none\"\/><path d=\"M19 13h-6v6h-2v-6H5v-2h6V5h2v6h6v2z\"\/><\/svg><\/div><div class=\"vcex-toggle__icon-close wpex-flex wpex-flex-col wpex-items-center\"><svg xmlns=\"http:\/\/www.w3.org\/2000\/svg\" height=\"1.5em\" viewBox=\"0 0 24 24\" width=\"1.5em\" fill=\"currentColor\" class=\"vcex-toggle__icon-close\"><path d=\"M0 0h24v24H0V0z\" fill=\"none\"\/><path d=\"M19 13H5v-2h14v2z\"\/><\/svg><\/div><\/div><div class=\"vcex-toggle__title\"><strong>16.25h<\/strong> - Dando Forma al Futuro de la Navegaci\u00f3n: Precisi\u00f3n, Resiliencia y Soberan\u00eda<\/div><\/a><\/div><div id=\"vcex_69f2636b60b4e\" class=\"vcex-toggle__content wpex-last-mb-0 wpex-my-10 wpex-clr\"><ul>\n<li><em>16.25:<\/em><b> Carlos \u00c1lvarez, <\/b>Director de Programas en la Unidad de Navegaci\u00f3n por Sat\u00e9lite y Seguridad en Indra Espacio<\/li>\n<li><em>16.35: <\/em><strong>Gilles Lebiez,<\/strong> <span data-sheets-root=\"1\">Director Ejecutivo de Aeroespacial y Defensa, Desarrollo de Negocio en EMEA en Ansys<\/span><\/li>\n<li><\/li>\n<\/ul>\n<\/div><\/div><div class=\"vcex-module vcex-toggle\" data-animate=\"true\" data-duration=\"300\"><div class=\"vcex-toggle__heading\"><a href=\"#vcex_69f2636b60cd2\" class=\"vcex-toggle__trigger wpex-flex wpex-items-center wpex-transition-colors wpex-duration-200\" style=\"color:#2b2b2b;\" aria-expanded=\"false\" aria-controls=\"vcex_69f2636b60cd2\"><div class=\"vcex-toggle__icon wpex-mr-10\" aria-hidden=\"true\" style=\"color:#ffa100;\"><div class=\"vcex-toggle__icon-open wpex-flex wpex-flex-col wpex-items-center\"><svg xmlns=\"http:\/\/www.w3.org\/2000\/svg\" height=\"1.5em\" viewBox=\"0 0 24 24\" width=\"1.5em\" fill=\"currentColor\" class=\"vcex-toggle__icon-open\"><path d=\"M0 0h24v24H0V0z\" fill=\"none\"\/><path d=\"M19 13h-6v6h-2v-6H5v-2h6V5h2v6h6v2z\"\/><\/svg><\/div><div class=\"vcex-toggle__icon-close wpex-flex wpex-flex-col wpex-items-center\"><svg xmlns=\"http:\/\/www.w3.org\/2000\/svg\" height=\"1.5em\" viewBox=\"0 0 24 24\" width=\"1.5em\" fill=\"currentColor\" class=\"vcex-toggle__icon-close\"><path d=\"M0 0h24v24H0V0z\" fill=\"none\"\/><path d=\"M19 13H5v-2h14v2z\"\/><\/svg><\/div><\/div><div class=\"vcex-toggle__title\"><strong>16.45h<\/strong> - Propulsi\u00f3n: Impulsando el Futuro de los Vuelos Espaciales<\/div><\/a><\/div><div id=\"vcex_69f2636b60cd2\" class=\"vcex-toggle__content wpex-last-mb-0 wpex-my-10 wpex-clr\"><ul>\n<li><em>16.45:<\/em><strong> Xavier Llair\u00f3,<\/strong> <span data-sheets-root=\"1\">CCO de Pangea Aerospace<\/span><\/li>\n<li><em>16.55: <\/em><strong>Alejandro Guerra,<\/strong> Desarrollador de Negocio en GTD<\/li>\n<\/ul>\n<\/div><\/div><div class=\"vcex-module vcex-toggle\" data-animate=\"true\" data-duration=\"300\"><div class=\"vcex-toggle__heading\"><a href=\"#vcex_69f2636b60e7a\" class=\"vcex-toggle__trigger wpex-flex wpex-items-center wpex-transition-colors wpex-duration-200\" style=\"color:#2b2b2b;\" aria-expanded=\"false\" aria-controls=\"vcex_69f2636b60e7a\"><div class=\"vcex-toggle__icon wpex-mr-10\" aria-hidden=\"true\" style=\"color:#ffa100;\"><div class=\"vcex-toggle__icon-open wpex-flex wpex-flex-col wpex-items-center\"><svg xmlns=\"http:\/\/www.w3.org\/2000\/svg\" height=\"1.5em\" viewBox=\"0 0 24 24\" width=\"1.5em\" fill=\"currentColor\" class=\"vcex-toggle__icon-open\"><path d=\"M0 0h24v24H0V0z\" fill=\"none\"\/><path d=\"M19 13h-6v6h-2v-6H5v-2h6V5h2v6h6v2z\"\/><\/svg><\/div><div class=\"vcex-toggle__icon-close wpex-flex wpex-flex-col wpex-items-center\"><svg xmlns=\"http:\/\/www.w3.org\/2000\/svg\" height=\"1.5em\" viewBox=\"0 0 24 24\" width=\"1.5em\" fill=\"currentColor\" class=\"vcex-toggle__icon-close\"><path d=\"M0 0h24v24H0V0z\" fill=\"none\"\/><path d=\"M19 13H5v-2h14v2z\"\/><\/svg><\/div><\/div><div class=\"vcex-toggle__title\"><strong>17.05h<\/strong> - Sat\u00e9lites Inteligentes: El Futuro de las Operaciones Espaciales<\/div><\/a><\/div><div id=\"vcex_69f2636b60e7a\" class=\"vcex-toggle__content wpex-last-mb-0 wpex-my-10 wpex-clr\"><ul>\n<li><em>17.05:<\/em> <strong>Jordi Castellv\u00ed,<\/strong> <span data-sheets-root=\"1\">Responsable de Gesti\u00f3n de Misi\u00f3n<\/span> de Open Cosmos<\/li>\n<li><em>17.15: <\/em><strong>Joan Manel Casalta,\u00a0<\/strong>Responsable de Programas de Seguridad Espacial y Ciencia en Sener<\/li>\n<li><em>17.25:<\/em> <strong>Carlos Fern\u00e1ndez,<\/strong> CEO de Telespazio Ib\u00e9rica<\/li>\n<li><em>17.35:<\/em> <strong>Andre Parris,<\/strong> CCO de Aistech Space<\/li>\n<\/ul>\n<\/div><\/div><div class=\"vcex-module vcex-toggle\" data-animate=\"true\" data-duration=\"300\"><div class=\"vcex-toggle__heading\"><a href=\"#vcex_69f2636b61026\" class=\"vcex-toggle__trigger wpex-flex wpex-items-center wpex-transition-colors wpex-duration-200\" style=\"color:#2b2b2b;\" aria-expanded=\"false\" aria-controls=\"vcex_69f2636b61026\"><div class=\"vcex-toggle__icon wpex-mr-10\" aria-hidden=\"true\" style=\"color:#ffa100;\"><div class=\"vcex-toggle__icon-open wpex-flex wpex-flex-col wpex-items-center\"><svg xmlns=\"http:\/\/www.w3.org\/2000\/svg\" height=\"1.5em\" viewBox=\"0 0 24 24\" width=\"1.5em\" fill=\"currentColor\" class=\"vcex-toggle__icon-open\"><path d=\"M0 0h24v24H0V0z\" fill=\"none\"\/><path d=\"M19 13h-6v6h-2v-6H5v-2h6V5h2v6h6v2z\"\/><\/svg><\/div><div class=\"vcex-toggle__icon-close wpex-flex wpex-flex-col wpex-items-center\"><svg xmlns=\"http:\/\/www.w3.org\/2000\/svg\" height=\"1.5em\" viewBox=\"0 0 24 24\" width=\"1.5em\" fill=\"currentColor\" class=\"vcex-toggle__icon-close\"><path d=\"M0 0h24v24H0V0z\" fill=\"none\"\/><path d=\"M19 13H5v-2h14v2z\"\/><\/svg><\/div><\/div><div class=\"vcex-toggle__title\"><strong>17.45h<\/strong> - De la \u00d3rbita a la Tierra: Aprovechando las tecnolog\u00edas espaciales para la industria y la sostenibilidad<\/div><\/a><\/div><div id=\"vcex_69f2636b61026\" class=\"vcex-toggle__content wpex-last-mb-0 wpex-my-10 wpex-clr\"><ul>\n<li><em>17.45: <\/em><strong>Juan Carlos Dolado<\/strong><strong>,<\/strong> <span data-sheets-root=\"1\">Cofundador y CTO en Look Up<\/span><\/li>\n<li><em>17.55: <\/em><strong>Albert Garcia-Mond\u00e9jar,<\/strong> <span data-sheets-root=\"1\">Responsable e Ingeniero Senior de I+D en isardSAT<\/span><\/li>\n<li><em>18.05: <\/em><strong>Marco Guadalupi,<\/strong> Cofundador y CTO en Sateliot<\/li>\n<li><em>18.15: <\/em><strong> Iwona Maciejewska<\/strong><strong>,<\/strong> <span data-sheets-root=\"1\">Responsable de BID en Satlantis<\/span><\/li>\n<li><em>18.25: <\/em><strong>Anne-Lise Stephan<\/strong><strong>,<\/strong> <span data-sheets-root=\"1\">Responsable de Proyectos Europeos en Aerospace Valley<\/span><\/li>\n<li><em>18.25: <\/em><strong>Alberto Garc\u00eda-Rigo,<\/strong> <span data-sheets-root=\"1\">Responsable de la Oficina de Trasferencia Tecnol\u00f3gica del IEEC<\/span><\/li>\n<li><em>18.35: <\/em><strong>Kevin Rutankabandi<\/strong><strong>,<\/strong> <span data-sheets-root=\"1\">Responsable del Programa Espacial en Wheere<\/span><\/li>\n<\/ul>\n<\/div><\/div><div class=\"vcex-module vcex-toggle\" data-animate=\"true\" data-duration=\"300\"><div class=\"vcex-toggle__heading\"><a href=\"#vcex_69f2636b612c1\" class=\"vcex-toggle__trigger wpex-flex wpex-items-center wpex-transition-colors wpex-duration-200\" style=\"color:#2b2b2b;\" aria-expanded=\"false\" aria-controls=\"vcex_69f2636b612c1\"><div class=\"vcex-toggle__icon wpex-mr-10\" aria-hidden=\"true\" style=\"color:#ffa100;\"><div class=\"vcex-toggle__icon-open wpex-flex wpex-flex-col wpex-items-center\"><svg xmlns=\"http:\/\/www.w3.org\/2000\/svg\" height=\"1.5em\" viewBox=\"0 0 24 24\" width=\"1.5em\" fill=\"currentColor\" class=\"vcex-toggle__icon-open\"><path d=\"M0 0h24v24H0V0z\" fill=\"none\"\/><path d=\"M19 13h-6v6h-2v-6H5v-2h6V5h2v6h6v2z\"\/><\/svg><\/div><div class=\"vcex-toggle__icon-close wpex-flex wpex-flex-col wpex-items-center\"><svg xmlns=\"http:\/\/www.w3.org\/2000\/svg\" height=\"1.5em\" viewBox=\"0 0 24 24\" width=\"1.5em\" fill=\"currentColor\" class=\"vcex-toggle__icon-close\"><path d=\"M0 0h24v24H0V0z\" fill=\"none\"\/><path d=\"M19 13H5v-2h14v2z\"\/><\/svg><\/div><\/div><div class=\"vcex-toggle__title\"><strong>18.45h<\/strong> - Casual afterwork: Jazz &amp; Corporate Networking<\/div><\/a><\/div><div id=\"vcex_69f2636b612c1\" class=\"vcex-toggle__content wpex-last-mb-0 wpex-my-10 wpex-clr\"><p><em>Coctel abierto a los asistentes<\/em><\/p>\n<\/div><\/div>[vc_column_text]\n<h2><strong>4 de julio <\/strong>del 2025<\/h2>\n[\/vc_column_text][vc_column_text]\n<p class=\"pseparador\">Sal\u00f3 de C\u00f2nsols &#8211; Planta 2<\/p>\n[\/vc_column_text][vc_column_text]\n<p class=\"pseparador2\"><strong>SAL\u00d3N PRINCIPAL<\/strong><\/p>\n[\/vc_column_text]<div class=\"vcex-module vcex-toggle vcex-toggle--active\" data-animate=\"true\" data-duration=\"300\"><div class=\"vcex-toggle__heading\"><a href=\"#vcex_69f2636b61418\" class=\"vcex-toggle__trigger wpex-flex wpex-items-center wpex-transition-colors wpex-duration-200\" style=\"color:#2b2b2b;\" aria-expanded=\"true\" aria-controls=\"vcex_69f2636b61418\"><div class=\"vcex-toggle__icon wpex-mr-10\" aria-hidden=\"true\" style=\"color:#ffa100;\"><div class=\"vcex-toggle__icon-open wpex-flex wpex-flex-col wpex-items-center\"><svg xmlns=\"http:\/\/www.w3.org\/2000\/svg\" height=\"1.5em\" viewBox=\"0 0 24 24\" width=\"1.5em\" fill=\"currentColor\" class=\"vcex-toggle__icon-open\"><path d=\"M0 0h24v24H0V0z\" fill=\"none\"\/><path d=\"M19 13h-6v6h-2v-6H5v-2h6V5h2v6h6v2z\"\/><\/svg><\/div><div class=\"vcex-toggle__icon-close wpex-flex wpex-flex-col wpex-items-center\"><svg xmlns=\"http:\/\/www.w3.org\/2000\/svg\" height=\"1.5em\" viewBox=\"0 0 24 24\" width=\"1.5em\" fill=\"currentColor\" class=\"vcex-toggle__icon-close\"><path d=\"M0 0h24v24H0V0z\" fill=\"none\"\/><path d=\"M19 13H5v-2h14v2z\"\/><\/svg><\/div><\/div><div class=\"vcex-toggle__title\"><strong>09.15h<\/strong> - Bienvenida<\/div><\/a><\/div><div id=\"vcex_69f2636b61418\" class=\"vcex-toggle__content wpex-last-mb-0 wpex-my-10 wpex-clr\"><ul>\n<li><strong>Alba Badia, <\/strong>Presidenta en Cosmic Research<\/li>\n<li><strong>Cl\u00e0udia Soriano, <\/strong>Investigadora en Astrof\u00edsica en ICE-CSIC<\/li>\n<\/ul>\n<\/div><\/div><div class=\"vcex-module vcex-toggle\" data-animate=\"true\" data-duration=\"300\"><div class=\"vcex-toggle__heading\"><a href=\"#vcex_69f2636b6156f\" class=\"vcex-toggle__trigger wpex-flex wpex-items-center wpex-transition-colors wpex-duration-200\" style=\"color:#2b2b2b;\" aria-expanded=\"false\" aria-controls=\"vcex_69f2636b6156f\"><div class=\"vcex-toggle__icon wpex-mr-10\" aria-hidden=\"true\" style=\"color:#ffa100;\"><div class=\"vcex-toggle__icon-open wpex-flex wpex-flex-col wpex-items-center\"><svg xmlns=\"http:\/\/www.w3.org\/2000\/svg\" height=\"1.5em\" viewBox=\"0 0 24 24\" width=\"1.5em\" fill=\"currentColor\" class=\"vcex-toggle__icon-open\"><path d=\"M0 0h24v24H0V0z\" fill=\"none\"\/><path d=\"M19 13h-6v6h-2v-6H5v-2h6V5h2v6h6v2z\"\/><\/svg><\/div><div class=\"vcex-toggle__icon-close wpex-flex wpex-flex-col wpex-items-center\"><svg xmlns=\"http:\/\/www.w3.org\/2000\/svg\" height=\"1.5em\" viewBox=\"0 0 24 24\" width=\"1.5em\" fill=\"currentColor\" class=\"vcex-toggle__icon-close\"><path d=\"M0 0h24v24H0V0z\" fill=\"none\"\/><path d=\"M19 13H5v-2h14v2z\"\/><\/svg><\/div><\/div><div class=\"vcex-toggle__title\"><strong>9.30h <\/strong> - New Space en Acci\u00f3n: Aprovechando la Tecnolog\u00eda Satelital para Aplicaciones Cotidianas<\/div><\/a><\/div><div id=\"vcex_69f2636b6156f\" class=\"vcex-toggle__content wpex-last-mb-0 wpex-my-10 wpex-clr\"><ul>\n<li><strong><span data-sheets-root=\"1\">Aitor Alvarez Rodriguez<\/span>,<\/strong> <span data-sheets-root=\"1\">Supervisor del Centro de Servicios GNSS (GSC) <\/span>de la Agencia de la Uni\u00f3n Europea para el Programa Espacial (EUSPA)<\/li>\n<\/ul>\n<\/div><\/div><div class=\"vcex-module vcex-toggle\" data-animate=\"true\" data-duration=\"300\"><div class=\"vcex-toggle__heading\"><a href=\"#vcex_69f2636b616d6\" class=\"vcex-toggle__trigger wpex-flex wpex-items-center wpex-transition-colors wpex-duration-200\" style=\"color:#2b2b2b;\" aria-expanded=\"false\" aria-controls=\"vcex_69f2636b616d6\"><div class=\"vcex-toggle__icon wpex-mr-10\" aria-hidden=\"true\" style=\"color:#ffa100;\"><div class=\"vcex-toggle__icon-open wpex-flex wpex-flex-col wpex-items-center\"><svg xmlns=\"http:\/\/www.w3.org\/2000\/svg\" height=\"1.5em\" viewBox=\"0 0 24 24\" width=\"1.5em\" fill=\"currentColor\" class=\"vcex-toggle__icon-open\"><path d=\"M0 0h24v24H0V0z\" fill=\"none\"\/><path d=\"M19 13h-6v6h-2v-6H5v-2h6V5h2v6h6v2z\"\/><\/svg><\/div><div class=\"vcex-toggle__icon-close wpex-flex wpex-flex-col wpex-items-center\"><svg xmlns=\"http:\/\/www.w3.org\/2000\/svg\" height=\"1.5em\" viewBox=\"0 0 24 24\" width=\"1.5em\" fill=\"currentColor\" class=\"vcex-toggle__icon-close\"><path d=\"M0 0h24v24H0V0z\" fill=\"none\"\/><path d=\"M19 13H5v-2h14v2z\"\/><\/svg><\/div><\/div><div class=\"vcex-toggle__title\"><strong>10.00h <\/strong> - El Futuro de las Ciudades: Transformando el Desarrollo Urbano con Innovaciones Espaciales<\/div><\/a><\/div><div id=\"vcex_69f2636b616d6\" class=\"vcex-toggle__content wpex-last-mb-0 wpex-my-10 wpex-clr\"><ul>\n<li><span data-sheets-root=\"1\"><strong>Carles Franquesa,<\/strong> CEO de Aistech Space<\/span><\/li>\n<li><strong>Pol Llorca,\u00a0<\/strong>Jefe de Desarrollo de Negocios de Airbus GeoTech<\/li>\n<li><strong><span data-sheets-root=\"1\">Alan Mandrillon,<\/span><\/strong>Responsable de Proyectos Espaciales en Aerospace Valley (Projecte SPACE4CITIES)<\/li>\n<li><strong>Josep Carles Ter\u00e9s,<\/strong> Jefe del \u00c1rea de Innovaci\u00f3n y Consultor\u00eda Internacional en Ferrocarriles de la Generalidad de Catalu\u00f1a (FGC)<\/li>\n<li><em>Moderado por: <strong>Carlos Fern\u00e1ndez,<\/strong> CEO de Telespazio Ib\u00e9rica<\/em><\/li>\n<\/ul>\n<\/div><\/div><div class=\"vcex-module vcex-toggle\" data-animate=\"true\" data-duration=\"300\"><div class=\"vcex-toggle__heading\"><a href=\"#vcex_69f2636b618ad\" class=\"vcex-toggle__trigger wpex-flex wpex-items-center wpex-transition-colors wpex-duration-200\" style=\"color:#2b2b2b;\" aria-expanded=\"false\" aria-controls=\"vcex_69f2636b618ad\"><div class=\"vcex-toggle__icon wpex-mr-10\" aria-hidden=\"true\" style=\"color:#ffa100;\"><div class=\"vcex-toggle__icon-open wpex-flex wpex-flex-col wpex-items-center\"><svg xmlns=\"http:\/\/www.w3.org\/2000\/svg\" height=\"1.5em\" viewBox=\"0 0 24 24\" width=\"1.5em\" fill=\"currentColor\" class=\"vcex-toggle__icon-open\"><path d=\"M0 0h24v24H0V0z\" fill=\"none\"\/><path d=\"M19 13h-6v6h-2v-6H5v-2h6V5h2v6h6v2z\"\/><\/svg><\/div><div class=\"vcex-toggle__icon-close wpex-flex wpex-flex-col wpex-items-center\"><svg xmlns=\"http:\/\/www.w3.org\/2000\/svg\" height=\"1.5em\" viewBox=\"0 0 24 24\" width=\"1.5em\" fill=\"currentColor\" class=\"vcex-toggle__icon-close\"><path d=\"M0 0h24v24H0V0z\" fill=\"none\"\/><path d=\"M19 13H5v-2h14v2z\"\/><\/svg><\/div><\/div><div class=\"vcex-toggle__title\"><strong>10.45h<\/strong> - Caf\u00e9 Networking<\/div><\/a><\/div><div id=\"vcex_69f2636b618ad\" class=\"vcex-toggle__content wpex-last-mb-0 wpex-my-10 wpex-clr\"><p><em>Break<\/em><\/p>\n<\/div><\/div><div class=\"vcex-module vcex-toggle\" data-animate=\"true\" data-duration=\"300\"><div class=\"vcex-toggle__heading\"><a href=\"#vcex_69f2636b619f8\" class=\"vcex-toggle__trigger wpex-flex wpex-items-center wpex-transition-colors wpex-duration-200\" style=\"color:#2b2b2b;\" aria-expanded=\"false\" aria-controls=\"vcex_69f2636b619f8\"><div class=\"vcex-toggle__icon wpex-mr-10\" aria-hidden=\"true\" style=\"color:#ffa100;\"><div class=\"vcex-toggle__icon-open wpex-flex wpex-flex-col wpex-items-center\"><svg xmlns=\"http:\/\/www.w3.org\/2000\/svg\" height=\"1.5em\" viewBox=\"0 0 24 24\" width=\"1.5em\" fill=\"currentColor\" class=\"vcex-toggle__icon-open\"><path d=\"M0 0h24v24H0V0z\" fill=\"none\"\/><path d=\"M19 13h-6v6h-2v-6H5v-2h6V5h2v6h6v2z\"\/><\/svg><\/div><div class=\"vcex-toggle__icon-close wpex-flex wpex-flex-col wpex-items-center\"><svg xmlns=\"http:\/\/www.w3.org\/2000\/svg\" height=\"1.5em\" viewBox=\"0 0 24 24\" width=\"1.5em\" fill=\"currentColor\" class=\"vcex-toggle__icon-close\"><path d=\"M0 0h24v24H0V0z\" fill=\"none\"\/><path d=\"M19 13H5v-2h14v2z\"\/><\/svg><\/div><\/div><div class=\"vcex-toggle__title\"><strong>11.15h<\/strong> - Construyendo la Agenda del Ma\u00f1ana: Desbloqueando las Nuevas Tecnolog\u00edas Espaciales para los Desaf\u00edos Sociales<\/div><\/a><\/div><div id=\"vcex_69f2636b619f8\" class=\"vcex-toggle__content wpex-last-mb-0 wpex-my-10 wpex-clr\"><ul>\n<li class=\"text-token-text-primary w-full\" dir=\"auto\" data-testid=\"conversation-turn-232\" data-scroll-anchor=\"true\"><em>11.15:<\/em><strong> Hans Bracquen\u00e9,<\/strong> Presidente de SME4SPACE<\/li>\n<li class=\"text-token-text-primary w-full\" dir=\"auto\" data-testid=\"conversation-turn-232\" data-scroll-anchor=\"true\"><em>11.25: <\/em><strong>Mattia Pianorsi,<\/strong> Responsable de Desarrollo de Negocio en Voyager Technologies Europe<\/li>\n<li><em>11.35: <\/em><strong>Ksenia Osipova<\/strong><strong>,<\/strong> <span data-sheets-root=\"1\">Candidata a Doctorado en la Universitat Polit\u00e8cnica de Catalunya<\/span><\/li>\n<li><em>11.45: <\/em><strong>Albert Garcia-Mond\u00e9jar<\/strong><strong>,<\/strong> <span data-sheets-root=\"1\">Responsable e Ingeniero Senior de I+D en isardSAT<\/span><\/li>\n<li><em>11.55: <\/em><strong>Francesc Grau<\/strong><strong>,<\/strong> Responsable de infraestructura en ENDESA<\/li>\n<li><em>11.55: <\/em><strong>Nicola Palombo<\/strong><strong>,<\/strong> <span data-sheets-root=\"1\">Cient\u00edfico de Datos Senior en Moai Analytics<\/span><\/li>\n<\/ul>\n<\/div><\/div><div class=\"vcex-module vcex-toggle\" data-animate=\"true\" data-duration=\"300\"><div class=\"vcex-toggle__heading\"><a href=\"#vcex_69f2636b61c20\" class=\"vcex-toggle__trigger wpex-flex wpex-items-center wpex-transition-colors wpex-duration-200\" style=\"color:#2b2b2b;\" aria-expanded=\"false\" aria-controls=\"vcex_69f2636b61c20\"><div class=\"vcex-toggle__icon wpex-mr-10\" aria-hidden=\"true\" style=\"color:#ffa100;\"><div class=\"vcex-toggle__icon-open wpex-flex wpex-flex-col wpex-items-center\"><svg xmlns=\"http:\/\/www.w3.org\/2000\/svg\" height=\"1.5em\" viewBox=\"0 0 24 24\" width=\"1.5em\" fill=\"currentColor\" class=\"vcex-toggle__icon-open\"><path d=\"M0 0h24v24H0V0z\" fill=\"none\"\/><path d=\"M19 13h-6v6h-2v-6H5v-2h6V5h2v6h6v2z\"\/><\/svg><\/div><div class=\"vcex-toggle__icon-close wpex-flex wpex-flex-col wpex-items-center\"><svg xmlns=\"http:\/\/www.w3.org\/2000\/svg\" height=\"1.5em\" viewBox=\"0 0 24 24\" width=\"1.5em\" fill=\"currentColor\" class=\"vcex-toggle__icon-close\"><path d=\"M0 0h24v24H0V0z\" fill=\"none\"\/><path d=\"M19 13H5v-2h14v2z\"\/><\/svg><\/div><\/div><div class=\"vcex-toggle__title\"><strong>12.00h<\/strong> - Prevenci\u00f3n y Mitigaci\u00f3n de Desastres: Tecnolog\u00edas Espaciales para una Respuesta de Emergencia Integrada<\/div><\/a><\/div><div id=\"vcex_69f2636b61c20\" class=\"vcex-toggle__content wpex-last-mb-0 wpex-my-10 wpex-clr\"><ul>\n<li><strong>Marta Miralles Bover,<\/strong> Responsable GRAF de la Unidad T\u00e9cnica de las Regiones de Emergencias de Tarragona y Tierras del Ebro de los Bomberos de la Generalitat de Catalunya<\/li>\n<li><strong>Jorge Morales,<\/strong> Director M\u00e9dico del Sistema de Emergencias M\u00e9dicas de la Generalitat de Catalu\u00f1a<\/li>\n<li><strong>Laura Moreno,<\/strong> CEO de Earthpulse<\/li>\n<li><strong>Cristina Vicente,<\/strong> Responsable de Operaciones de Protecci\u00f3n Civil de la Generalitat de Catalu\u00f1a<\/li>\n<li><em>Moderado por: <strong>Jordi Corbera,<\/strong> Jefe del Departamento de Observaci\u00f3n de la Tierra en el Instituto Cartogr\u00e1fico y Geol\u00f3gico de Catalu\u00f1a (ICGC)<\/em><\/li>\n<li><\/li>\n<\/ul>\n<\/div><\/div><div class=\"vcex-module vcex-toggle\" data-animate=\"true\" data-duration=\"300\"><div class=\"vcex-toggle__heading\"><a href=\"#vcex_69f2636b61dc3\" class=\"vcex-toggle__trigger wpex-flex wpex-items-center wpex-transition-colors wpex-duration-200\" style=\"color:#2b2b2b;\" aria-expanded=\"false\" aria-controls=\"vcex_69f2636b61dc3\"><div class=\"vcex-toggle__icon wpex-mr-10\" aria-hidden=\"true\" style=\"color:#ffa100;\"><div class=\"vcex-toggle__icon-open wpex-flex wpex-flex-col wpex-items-center\"><svg xmlns=\"http:\/\/www.w3.org\/2000\/svg\" height=\"1.5em\" viewBox=\"0 0 24 24\" width=\"1.5em\" fill=\"currentColor\" class=\"vcex-toggle__icon-open\"><path d=\"M0 0h24v24H0V0z\" fill=\"none\"\/><path d=\"M19 13h-6v6h-2v-6H5v-2h6V5h2v6h6v2z\"\/><\/svg><\/div><div class=\"vcex-toggle__icon-close wpex-flex wpex-flex-col wpex-items-center\"><svg xmlns=\"http:\/\/www.w3.org\/2000\/svg\" height=\"1.5em\" viewBox=\"0 0 24 24\" width=\"1.5em\" fill=\"currentColor\" class=\"vcex-toggle__icon-close\"><path d=\"M0 0h24v24H0V0z\" fill=\"none\"\/><path d=\"M19 13H5v-2h14v2z\"\/><\/svg><\/div><\/div><div class=\"vcex-toggle__title\"><strong>12.45h<\/strong> - M\u00e1s all\u00e1 de la Tierra: Liderazgo, Innovaci\u00f3n y Sostenibilidad desde el Espacio<\/div><\/a><\/div><div id=\"vcex_69f2636b61dc3\" class=\"vcex-toggle__content wpex-last-mb-0 wpex-my-10 wpex-clr\"><ul>\n<li><span data-sheets-root=\"1\"><strong>Pablo \u00c1lvarez,<\/strong> Astronauta de la Agencia Espacial Europea<\/span><\/li>\n<li><span data-sheets-root=\"1\"><strong>Miguel Bell\u00f3,<\/strong> Presidente del Consejo de Administraci\u00f3n de Orbex Space<\/span><\/li>\n<\/ul>\n<\/div><\/div><div class=\"vcex-module vcex-toggle\" data-animate=\"true\" data-duration=\"300\"><div class=\"vcex-toggle__heading\"><a href=\"#vcex_69f2636b61f40\" class=\"vcex-toggle__trigger wpex-flex wpex-items-center wpex-transition-colors wpex-duration-200\" style=\"color:#2b2b2b;\" aria-expanded=\"false\" aria-controls=\"vcex_69f2636b61f40\"><div class=\"vcex-toggle__icon wpex-mr-10\" aria-hidden=\"true\" style=\"color:#ffa100;\"><div class=\"vcex-toggle__icon-open wpex-flex wpex-flex-col wpex-items-center\"><svg xmlns=\"http:\/\/www.w3.org\/2000\/svg\" height=\"1.5em\" viewBox=\"0 0 24 24\" width=\"1.5em\" fill=\"currentColor\" class=\"vcex-toggle__icon-open\"><path d=\"M0 0h24v24H0V0z\" fill=\"none\"\/><path d=\"M19 13h-6v6h-2v-6H5v-2h6V5h2v6h6v2z\"\/><\/svg><\/div><div class=\"vcex-toggle__icon-close wpex-flex wpex-flex-col wpex-items-center\"><svg xmlns=\"http:\/\/www.w3.org\/2000\/svg\" height=\"1.5em\" viewBox=\"0 0 24 24\" width=\"1.5em\" fill=\"currentColor\" class=\"vcex-toggle__icon-close\"><path d=\"M0 0h24v24H0V0z\" fill=\"none\"\/><path d=\"M19 13H5v-2h14v2z\"\/><\/svg><\/div><\/div><div class=\"vcex-toggle__title\"><strong>13.30h<\/strong> - Cierre Institucional<\/div><\/a><\/div><div id=\"vcex_69f2636b61f40\" class=\"vcex-toggle__content wpex-last-mb-0 wpex-my-10 wpex-clr\"><ul>\n<li><span data-sheets-root=\"1\"><strong>Maria Galindo Garcia-Delgado,<\/strong> Secretaria de Pol\u00edticas Digitales de la Generalitat de Catalu\u00f1a<\/span><\/li>\n<li><span data-sheets-root=\"1\"><strong>M\u00f2nica Roca i Aparici,<\/strong> Presidenta de la Comisi\u00f3n de Espacio de la C\u00e1mara de Comercio de Barcelona<\/span><\/li>\n<\/ul>\n<\/div><\/div><div class=\"vcex-module vcex-toggle\" data-animate=\"true\" data-duration=\"300\"><div class=\"vcex-toggle__heading\"><a href=\"#vcex_69f2636b620b9\" class=\"vcex-toggle__trigger wpex-flex wpex-items-center wpex-transition-colors wpex-duration-200\" style=\"color:#2b2b2b;\" aria-expanded=\"false\" aria-controls=\"vcex_69f2636b620b9\"><div class=\"vcex-toggle__icon wpex-mr-10\" aria-hidden=\"true\" style=\"color:#ffa100;\"><div class=\"vcex-toggle__icon-open wpex-flex wpex-flex-col wpex-items-center\"><svg xmlns=\"http:\/\/www.w3.org\/2000\/svg\" height=\"1.5em\" viewBox=\"0 0 24 24\" width=\"1.5em\" fill=\"currentColor\" class=\"vcex-toggle__icon-open\"><path d=\"M0 0h24v24H0V0z\" fill=\"none\"\/><path d=\"M19 13h-6v6h-2v-6H5v-2h6V5h2v6h6v2z\"\/><\/svg><\/div><div class=\"vcex-toggle__icon-close wpex-flex wpex-flex-col wpex-items-center\"><svg xmlns=\"http:\/\/www.w3.org\/2000\/svg\" height=\"1.5em\" viewBox=\"0 0 24 24\" width=\"1.5em\" fill=\"currentColor\" class=\"vcex-toggle__icon-close\"><path d=\"M0 0h24v24H0V0z\" fill=\"none\"\/><path d=\"M19 13H5v-2h14v2z\"\/><\/svg><\/div><\/div><div class=\"vcex-toggle__title\"><strong>13.45h<\/strong> - Copa de cava<\/div><\/a><\/div><div id=\"vcex_69f2636b620b9\" class=\"vcex-toggle__content wpex-last-mb-0 wpex-my-10 wpex-clr\"><p>Cloenda<\/p>\n<\/div><\/div>[\/vc_column][vc_column width=\u00bb1\/3&#8243; el_class=\u00bbsidebar-info\u00bb]<div class=\"ult_row_spacer\"><div class=\"ult-sticky-anchor\"><div class=\"ult-sticky-section ult-sticky box-info-program\"  data-gutter= '100' data-stick_behaviour= 'stick_with_scroll_row'  data-sticky_position= 'top' data-mobile='no' data-support='no'>[vc_column_text]\n<h3>Datos del evento<\/h3>\n<ul class=\"info-event\">\n<li><span class=\"fa fa-map-marker\" aria-hidden=\"true\"><span style=\"color: #fff;\">.<\/span><\/span>La Llotja de Mar, Barcelona<\/li>\n<li><span class=\"fa fa-calendar-o\" aria-hidden=\"true\"><span style=\"color: #fff;\">.<\/span><\/span>3 de julio a las 9.00h<\/li>\n<li><span class=\"fa fa-calendar-o\" aria-hidden=\"true\"><span style=\"color: #fff;\">.<\/span><\/span>4 de julio a las 9.00h<\/li>\n<\/ul>\n<p><span style=\"color: #fff;\">.<\/span><br \/>\n<a class=\"btn-o\" style=\"width: 100%;\" href=\"https:\/\/www.newspacecongress.cat\/inscripcio\" target=\"_blank\" rel=\"noopener\">REGISTRE<\/a>[\/vc_column_text]<\/div><div class=\"ult-space\"><\/div><\/div><\/div>[vc_column_text css=\u00bb.vc_custom_1751010258358{margin-top: 30px !important;}\u00bb]<img loading=\"lazy\" decoding=\"async\" class=\"alignnone size-full wp-image-10083\" src=\"https:\/\/www.newspacecongress.cat\/wp-content\/uploads\/2025\/06\/new-space-map.png\" alt=\"\" width=\"1258\" height=\"1200\" srcset=\"https:\/\/spaceeconomycongress.org\/wp-content\/uploads\/2025\/06\/new-space-map.png 1258w, https:\/\/spaceeconomycongress.org\/wp-content\/uploads\/2025\/06\/new-space-map-300x286.png 300w, https:\/\/spaceeconomycongress.org\/wp-content\/uploads\/2025\/06\/new-space-map-1024x977.png 1024w, https:\/\/spaceeconomycongress.org\/wp-content\/uploads\/2025\/06\/new-space-map-768x733.png 768w\" sizes=\"auto, (max-width: 1258px) 100vw, 1258px\" \/>[\/vc_column_text][\/vc_column][\/vc_row]\n","protected":false},"excerpt":{"rendered":"<p>[vc_row el_class=\u00bbbox-program\u00bb][vc_column width=\u00bb2\/3&#8243;][vc_column_text] 3 de julio\u00a0del 2025 [\/vc_column_text][vc_column_text] TECH MORNING [\/vc_column_text][vc_column_text] Sal\u00f3 de C\u00f2nsols &#8211; Planta 2 [\/vc_column_text][vc_column_text] BUSINESS AFTERNOON [\/vc_column_text][vc_column_text] SIDE EVENTS &#8211; WORKSHOPS [\/vc_column_text][vc_column_text] SPACE WORKSHOPS 1 (Sal\u00f3 de Nept\u00fa &#8211; Planta 0) [\/vc_column_text][vc_column_text] SPACE WORKSHOPS 2 (Sal\u00f3 de Plens &#8211; Planta 1) [\/vc_column_text][vc_column_text] MEET THE ECOSYSTEM: PITCH STAGE (Sal\u00f3 de C\u00f2nsols &#8211;&hellip;<\/p>\n","protected":false},"author":2,"featured_media":0,"parent":0,"menu_order":0,"comment_status":"closed","ping_status":"closed","template":"","meta":{"footnotes":""},"class_list":["post-8968","page","type-page","status-publish","hentry","entry","no-media"],"yoast_head":"<!-- This site is optimized with the Yoast SEO plugin v25.5 - https:\/\/yoast.com\/wordpress\/plugins\/seo\/ -->\n<title>Programa - Space Economy Congress 2026<\/title>\n<meta name=\"description\" content=\"Consulta el programa completo del New Space Economy Congress 2025 con ponencias, talleres y sesiones sobre innovaci\u00f3n, transici\u00f3n verde e IA en el sector espacial.\" \/>\n<meta name=\"robots\" content=\"index, follow, max-snippet:-1, max-image-preview:large, max-video-preview:-1\" \/>\n<link rel=\"canonical\" href=\"https:\/\/spaceeconomycongress.org\/es\/programa-2025\/\" \/>\n<meta property=\"og:locale\" content=\"es_ES\" \/>\n<meta property=\"og:type\" content=\"article\" \/>\n<meta property=\"og:title\" content=\"Programa - Space Economy Congress 2026\" \/>\n<meta property=\"og:description\" content=\"Consulta el programa completo del New Space Economy Congress 2025 con ponencias, talleres y sesiones sobre innovaci\u00f3n, transici\u00f3n verde e IA en el sector espacial.\" \/>\n<meta property=\"og:url\" content=\"https:\/\/spaceeconomycongress.org\/es\/programa-2025\/\" \/>\n<meta property=\"og:site_name\" content=\"Space Economy Congress 2026\" \/>\n<meta property=\"article:modified_time\" content=\"2025-07-03T04:05:13+00:00\" \/>\n<meta property=\"og:image\" content=\"https:\/\/www.newspacecongress.cat\/wp-content\/uploads\/2025\/06\/new-space-map.png\" \/>\n<meta name=\"twitter:card\" content=\"summary_large_image\" \/>\n<meta name=\"twitter:label1\" content=\"Tiempo de lectura\" \/>\n\t<meta name=\"twitter:data1\" content=\"8 minutos\" \/>\n<script type=\"application\/ld+json\" class=\"yoast-schema-graph\">{\"@context\":\"https:\/\/schema.org\",\"@graph\":[{\"@type\":\"WebPage\",\"@id\":\"https:\/\/spaceeconomycongress.org\/es\/programa-2025\/\",\"url\":\"https:\/\/spaceeconomycongress.org\/es\/programa-2025\/\",\"name\":\"Programa - Space Economy Congress 2026\",\"isPartOf\":{\"@id\":\"https:\/\/spaceeconomycongress.org\/#website\"},\"primaryImageOfPage\":{\"@id\":\"https:\/\/spaceeconomycongress.org\/es\/programa-2025\/#primaryimage\"},\"image\":{\"@id\":\"https:\/\/spaceeconomycongress.org\/es\/programa-2025\/#primaryimage\"},\"thumbnailUrl\":\"https:\/\/www.newspacecongress.cat\/wp-content\/uploads\/2025\/06\/new-space-map.png\",\"datePublished\":\"2025-03-18T20:52:05+00:00\",\"dateModified\":\"2025-07-03T04:05:13+00:00\",\"description\":\"Consulta el programa completo del New Space Economy Congress 2025 con ponencias, talleres y sesiones sobre innovaci\u00f3n, transici\u00f3n verde e IA en el sector espacial.\",\"breadcrumb\":{\"@id\":\"https:\/\/spaceeconomycongress.org\/es\/programa-2025\/#breadcrumb\"},\"inLanguage\":\"es\",\"potentialAction\":[{\"@type\":\"ReadAction\",\"target\":[\"https:\/\/spaceeconomycongress.org\/es\/programa-2025\/\"]}]},{\"@type\":\"ImageObject\",\"inLanguage\":\"es\",\"@id\":\"https:\/\/spaceeconomycongress.org\/es\/programa-2025\/#primaryimage\",\"url\":\"https:\/\/www.newspacecongress.cat\/wp-content\/uploads\/2025\/06\/new-space-map.png\",\"contentUrl\":\"https:\/\/www.newspacecongress.cat\/wp-content\/uploads\/2025\/06\/new-space-map.png\"},{\"@type\":\"BreadcrumbList\",\"@id\":\"https:\/\/spaceeconomycongress.org\/es\/programa-2025\/#breadcrumb\",\"itemListElement\":[{\"@type\":\"ListItem\",\"position\":1,\"name\":\"Home\",\"item\":\"https:\/\/spaceeconomycongress.org\/es\/\"},{\"@type\":\"ListItem\",\"position\":2,\"name\":\"Programa 2025\"}]},{\"@type\":\"WebSite\",\"@id\":\"https:\/\/spaceeconomycongress.org\/#website\",\"url\":\"https:\/\/spaceeconomycongress.org\/\",\"name\":\"Space Economy Congress 2026\",\"description\":\"9 y 10 de juliol de 2026\",\"publisher\":{\"@id\":\"https:\/\/spaceeconomycongress.org\/#organization\"},\"potentialAction\":[{\"@type\":\"SearchAction\",\"target\":{\"@type\":\"EntryPoint\",\"urlTemplate\":\"https:\/\/spaceeconomycongress.org\/?s={search_term_string}\"},\"query-input\":{\"@type\":\"PropertyValueSpecification\",\"valueRequired\":true,\"valueName\":\"search_term_string\"}}],\"inLanguage\":\"es\"},{\"@type\":\"Organization\",\"@id\":\"https:\/\/spaceeconomycongress.org\/#organization\",\"name\":\"New Space Congress 2022\",\"url\":\"https:\/\/spaceeconomycongress.org\/\",\"logo\":{\"@type\":\"ImageObject\",\"inLanguage\":\"es\",\"@id\":\"https:\/\/spaceeconomycongress.org\/#\/schema\/logo\/image\/\",\"url\":\"https:\/\/spaceeconomycongress.org\/wp-content\/uploads\/2026\/01\/SPACE_ECONOMY_2026_web.png\",\"contentUrl\":\"https:\/\/spaceeconomycongress.org\/wp-content\/uploads\/2026\/01\/SPACE_ECONOMY_2026_web.png\",\"width\":1000,\"height\":262,\"caption\":\"New Space Congress 2022\"},\"image\":{\"@id\":\"https:\/\/spaceeconomycongress.org\/#\/schema\/logo\/image\/\"}}]}<\/script>\n<!-- \/ Yoast SEO plugin. -->","yoast_head_json":{"title":"Programa - Space Economy Congress 2026","description":"Consulta el programa completo del New Space Economy Congress 2025 con ponencias, talleres y sesiones sobre innovaci\u00f3n, transici\u00f3n verde e IA en el sector espacial.","robots":{"index":"index","follow":"follow","max-snippet":"max-snippet:-1","max-image-preview":"max-image-preview:large","max-video-preview":"max-video-preview:-1"},"canonical":"https:\/\/spaceeconomycongress.org\/es\/programa-2025\/","og_locale":"es_ES","og_type":"article","og_title":"Programa - Space Economy Congress 2026","og_description":"Consulta el programa completo del New Space Economy Congress 2025 con ponencias, talleres y sesiones sobre innovaci\u00f3n, transici\u00f3n verde e IA en el sector espacial.","og_url":"https:\/\/spaceeconomycongress.org\/es\/programa-2025\/","og_site_name":"Space Economy Congress 2026","article_modified_time":"2025-07-03T04:05:13+00:00","og_image":[{"url":"https:\/\/www.newspacecongress.cat\/wp-content\/uploads\/2025\/06\/new-space-map.png","type":"","width":"","height":""}],"twitter_card":"summary_large_image","twitter_misc":{"Tiempo de lectura":"8 minutos"},"schema":{"@context":"https:\/\/schema.org","@graph":[{"@type":"WebPage","@id":"https:\/\/spaceeconomycongress.org\/es\/programa-2025\/","url":"https:\/\/spaceeconomycongress.org\/es\/programa-2025\/","name":"Programa - Space Economy Congress 2026","isPartOf":{"@id":"https:\/\/spaceeconomycongress.org\/#website"},"primaryImageOfPage":{"@id":"https:\/\/spaceeconomycongress.org\/es\/programa-2025\/#primaryimage"},"image":{"@id":"https:\/\/spaceeconomycongress.org\/es\/programa-2025\/#primaryimage"},"thumbnailUrl":"https:\/\/www.newspacecongress.cat\/wp-content\/uploads\/2025\/06\/new-space-map.png","datePublished":"2025-03-18T20:52:05+00:00","dateModified":"2025-07-03T04:05:13+00:00","description":"Consulta el programa completo del New Space Economy Congress 2025 con ponencias, talleres y sesiones sobre innovaci\u00f3n, transici\u00f3n verde e IA en el sector espacial.","breadcrumb":{"@id":"https:\/\/spaceeconomycongress.org\/es\/programa-2025\/#breadcrumb"},"inLanguage":"es","potentialAction":[{"@type":"ReadAction","target":["https:\/\/spaceeconomycongress.org\/es\/programa-2025\/"]}]},{"@type":"ImageObject","inLanguage":"es","@id":"https:\/\/spaceeconomycongress.org\/es\/programa-2025\/#primaryimage","url":"https:\/\/www.newspacecongress.cat\/wp-content\/uploads\/2025\/06\/new-space-map.png","contentUrl":"https:\/\/www.newspacecongress.cat\/wp-content\/uploads\/2025\/06\/new-space-map.png"},{"@type":"BreadcrumbList","@id":"https:\/\/spaceeconomycongress.org\/es\/programa-2025\/#breadcrumb","itemListElement":[{"@type":"ListItem","position":1,"name":"Home","item":"https:\/\/spaceeconomycongress.org\/es\/"},{"@type":"ListItem","position":2,"name":"Programa 2025"}]},{"@type":"WebSite","@id":"https:\/\/spaceeconomycongress.org\/#website","url":"https:\/\/spaceeconomycongress.org\/","name":"Space Economy Congress 2026","description":"9 y 10 de juliol de 2026","publisher":{"@id":"https:\/\/spaceeconomycongress.org\/#organization"},"potentialAction":[{"@type":"SearchAction","target":{"@type":"EntryPoint","urlTemplate":"https:\/\/spaceeconomycongress.org\/?s={search_term_string}"},"query-input":{"@type":"PropertyValueSpecification","valueRequired":true,"valueName":"search_term_string"}}],"inLanguage":"es"},{"@type":"Organization","@id":"https:\/\/spaceeconomycongress.org\/#organization","name":"New Space Congress 2022","url":"https:\/\/spaceeconomycongress.org\/","logo":{"@type":"ImageObject","inLanguage":"es","@id":"https:\/\/spaceeconomycongress.org\/#\/schema\/logo\/image\/","url":"https:\/\/spaceeconomycongress.org\/wp-content\/uploads\/2026\/01\/SPACE_ECONOMY_2026_web.png","contentUrl":"https:\/\/spaceeconomycongress.org\/wp-content\/uploads\/2026\/01\/SPACE_ECONOMY_2026_web.png","width":1000,"height":262,"caption":"New Space Congress 2022"},"image":{"@id":"https:\/\/spaceeconomycongress.org\/#\/schema\/logo\/image\/"}}]}},"_links":{"self":[{"href":"https:\/\/spaceeconomycongress.org\/es\/wp-json\/wp\/v2\/pages\/8968","targetHints":{"allow":["GET"]}}],"collection":[{"href":"https:\/\/spaceeconomycongress.org\/es\/wp-json\/wp\/v2\/pages"}],"about":[{"href":"https:\/\/spaceeconomycongress.org\/es\/wp-json\/wp\/v2\/types\/page"}],"author":[{"embeddable":true,"href":"https:\/\/spaceeconomycongress.org\/es\/wp-json\/wp\/v2\/users\/2"}],"replies":[{"embeddable":true,"href":"https:\/\/spaceeconomycongress.org\/es\/wp-json\/wp\/v2\/comments?post=8968"}],"version-history":[{"count":103,"href":"https:\/\/spaceeconomycongress.org\/es\/wp-json\/wp\/v2\/pages\/8968\/revisions"}],"predecessor-version":[{"id":10990,"href":"https:\/\/spaceeconomycongress.org\/es\/wp-json\/wp\/v2\/pages\/8968\/revisions\/10990"}],"wp:attachment":[{"href":"https:\/\/spaceeconomycongress.org\/es\/wp-json\/wp\/v2\/media?parent=8968"}],"curies":[{"name":"wp","href":"https:\/\/api.w.org\/{rel}","templated":true}]}}